{"id":7688,"date":"2025-10-15T11:22:30","date_gmt":"2025-10-15T09:22:30","guid":{"rendered":"https:\/\/rechtaufleben.org\/ral1\/?page_id=7688"},"modified":"2026-07-03T20:49:40","modified_gmt":"2026-07-03T18:49:40","slug":"frauen","status":"publish","type":"page","link":"https:\/\/rechtaufleben.org\/ral\/frauen\/","title":{"rendered":"Frauen"},"content":{"rendered":"\t\t<div data-elementor-type=\"wp-page\" data-elementor-id=\"7688\" class=\"elementor elementor-7688\">\n\t\t\t\t\t\t<section class=\"elementor-section elementor-top-section elementor-element elementor-element-668735d2 elementor-section-boxed elementor-section-height-default elementor-section-height-default\" data-id=\"668735d2\" data-element_type=\"section\" data-e-type=\"section\">\n\t\t\t\t\t\t<div class=\"elementor-container elementor-column-gap-extended\">\n\t\t\t\t\t<div class=\"elementor-column elementor-col-100 elementor-top-column elementor-element elementor-element-32144236 sc_inner_width_none sc_content_align_inherit sc_layouts_column_icons_position_left\" data-id=\"32144236\" data-element_type=\"column\" data-e-type=\"column\">\n\t\t\t<div class=\"elementor-widget-wrap elementor-element-populated\">\n\t\t\t\t\t\t<div class=\"elementor-element elementor-element-438d7279 sc_fly_static elementor-widget elementor-widget-text-editor\" data-id=\"438d7279\" data-element_type=\"widget\" data-e-type=\"widget\" data-widget_type=\"text-editor.default\">\n\t\t\t\t<div class=\"elementor-widget-container\">\n\t\t\t\t\t\t\t\t\t<!-- wp:themify-builder\/canvas \/-->\t\t\t\t\t\t\t\t<\/div>\n\t\t\t\t<\/div>\n\t\t\t\t\t<\/div>\n\t\t<\/div>\n\t\t\t\t\t<\/div>\n\t\t<\/section>\n\t\t\t\t<section class=\"elementor-section elementor-top-section elementor-element elementor-element-506af8c elementor-section-boxed elementor-section-height-default elementor-section-height-default\" data-id=\"506af8c\" data-element_type=\"section\" data-e-type=\"section\">\n\t\t\t\t\t\t<div class=\"elementor-container elementor-column-gap-extended\">\n\t\t\t\t\t<div class=\"elementor-column elementor-col-100 elementor-top-column elementor-element elementor-element-7421e27 sc_inner_width_none sc_content_align_inherit sc_layouts_column_icons_position_left\" data-id=\"7421e27\" data-element_type=\"column\" data-e-type=\"column\">\n\t\t\t<div class=\"elementor-widget-wrap elementor-element-populated\">\n\t\t\t\t\t\t<div class=\"elementor-element elementor-element-4757265 sc_fly_static elementor-widget elementor-widget-trx_sc_blogger\" data-id=\"4757265\" data-element_type=\"widget\" data-e-type=\"widget\" data-widget_type=\"trx_sc_blogger.default\">\n\t\t\t\t<div class=\"elementor-widget-container\">\n\t\t\t\t\t<div  id=\"trx_sc_blogger_1905038319\"\t\tclass=\"sc_blogger sc_blogger_excerpt sc_blogger_excerpt_default\"><div class=\"sc_blogger_content sc_item_content sc_item_posts_container posts_container excerpt_wrap excerpt_2 columns_wrap columns_padding_bottom\">\t\t<div class=\"column-1_2\">\n\t\t<article id=\"post-368\" data-post-id=\"368\"\n\tclass=\"post_item post_layout_excerpt post_format_standard post-368 post type-post status-publish format-standard has-post-thumbnail hentry category-aktuelles category-frauen category-uncategorized\" data-animation=\"animated fadeInUpSmall normal\">\n\t<div class=\"post_featured with_thumb hover_icons\"><img fetchpriority=\"high\" decoding=\"async\" width=\"581\" height=\"374\" src=\"https:\/\/rechtaufleben.org\/ral\/wp-content\/uploads\/2022\/09\/Kajal_Nasri-1-1-1.jpg\" class=\"attachment-humanum-thumb-big size-humanum-thumb-big wp-post-image\" alt=\"\" srcset=\"https:\/\/rechtaufleben.org\/ral\/wp-content\/uploads\/2022\/09\/Kajal_Nasri-1-1-1.jpg 581w, https:\/\/rechtaufleben.org\/ral\/wp-content\/uploads\/2022\/09\/Kajal_Nasri-1-1-1-300x193.jpg 300w, https:\/\/rechtaufleben.org\/ral\/wp-content\/uploads\/2022\/09\/Kajal_Nasri-1-1-1-370x238.jpg 370w\" sizes=\"(max-width: 581px) 100vw, 581px\" \/>\t\t\t\t\t\t<div class=\"mask\"><\/div>\n\t\t\t\t\t\t\t\t\t<div class=\"icons icons_custom\">\n\t\t\t\t<a href=\"https:\/\/rechtaufleben.org\/ral\/die-kurdische-aktivistin-kajal-nasri-zu-5-jahren-gefangnis-verurteilt\/\"  aria-hidden=\"true\">view<\/a>\n\t\t\t<\/div>\n\t\t\t<div class='post_header_categories'><div class=\"post_meta\">\n\t\t\t<span class=\"post_meta_item post_categories\"><a href=\"https:\/\/rechtaufleben.org\/ral\/category\/aktuelles\/\" rel=\"category tag\">Aktuelles<\/a> <a href=\"https:\/\/rechtaufleben.org\/ral\/category\/frauen\/\" rel=\"category tag\">Frauen<\/a> <a href=\"https:\/\/rechtaufleben.org\/ral\/category\/uncategorized\/\" rel=\"category tag\">Uncategorized<\/a><\/span> \t\t<\/div><!-- .post_meta --><\/div><\/div>\t\t<div class=\"post_header entry-header\">\n\t\t\t<h4 class=\"post_title entry-title\"><a href=\"https:\/\/rechtaufleben.org\/ral\/die-kurdische-aktivistin-kajal-nasri-zu-5-jahren-gefangnis-verurteilt\/\" rel=\"bookmark\">Die kurdische Aktivistin, Kajal Nasri, zu 5 Jahren Gef\u00e4ngnis verurteilt<\/a><\/h4>\t\t<div class=\"post_meta\">\n\t\t\t<a href=\"https:\/\/rechtaufleben.org\/ral\/die-kurdische-aktivistin-kajal-nasri-zu-5-jahren-gefangnis-verurteilt\/\" class=\"post_meta_item post_meta_views trx_addons_icon-eye\"><span class=\"post_meta_number\">50<\/span><span class=\"post_meta_label\">Views<\/span><\/a> <a href=\"https:\/\/rechtaufleben.org\/ral\/die-kurdische-aktivistin-kajal-nasri-zu-5-jahren-gefangnis-verurteilt\/#respond\" class=\"post_meta_item post_meta_comments icon-group-6456\"><span class=\"post_meta_number\">0<\/span><span class=\"post_meta_label\">Comments<\/span><\/a> <a href=\"https:\/\/rechtaufleben.org\/ral\/die-kurdische-aktivistin-kajal-nasri-zu-5-jahren-gefangnis-verurteilt\/#trx_addons_emotions\" class=\"post_meta_item post_meta_emotions trx_addons_icon-angellist\"><span class=\"post_meta_number\">0<\/span><span class=\"post_meta_label\">Reactions<\/span><\/a> <span class=\"post_meta_item post_share\"><div class=\"socials_share socials_size_tiny socials_type_drop socials_dir_horizontal\"><a href=\"#\" class=\"socials_caption\"><span class=\"socials_caption_label\">Share<\/span><\/a><span class=\"social_items\"><a class=\"social_item social_item_popup\" href=\"\/\/www.facebook.com\/sharer\/sharer.php?u=https%3A%2F%2Frechtaufleben.org%2Fral%2Fdie-kurdische-aktivistin-kajal-nasri-zu-5-jahren-gefangnis-verurteilt%2F\" data-link=\"\/\/www.facebook.com\/sharer\/sharer.php?u=https%3A%2F%2Frechtaufleben.org%2Fral%2Fdie-kurdische-aktivistin-kajal-nasri-zu-5-jahren-gefangnis-verurteilt%2F\" data-count=\"facebook\"><span class=\"social_icon social_icon_facebook sc_icon_type_icons\"><span class=\"trx_addons_icon-facebook\"><\/span><i>Facebook<\/i><\/span><\/a><a class=\"social_item social_item_popup\" href=\"\/\/twitter.com\/intent\/tweet?text=Die+kurdische+Aktivistin%2C+Kajal+Nasri%2C+zu+5+Jahren+Gef%C3%A4ngnis+verurteilt&#038;url=https%3A%2F%2Frechtaufleben.org%2Fral%2Fdie-kurdische-aktivistin-kajal-nasri-zu-5-jahren-gefangnis-verurteilt%2F\" data-link=\"\/\/twitter.com\/intent\/tweet?text=Die kurdische Aktivistin, Kajal Nasri, zu 5 Jahren Gef\u00e4ngnis verurteilt&amp;url=https%3A%2F%2Frechtaufleben.org%2Fral%2Fdie-kurdische-aktivistin-kajal-nasri-zu-5-jahren-gefangnis-verurteilt%2F\" data-count=\"twitter-1\"><span class=\"social_icon social_icon_twitter-1 sc_icon_type_icons\"><span class=\"icon-twitter-1\"><\/span><i>Twitter-1<\/i><\/span><\/a><a class=\"social_item social_item_popup\" href=\"http:\/\/pinterest.com\/pin\/create\/link\/?url=https%3A%2F%2Frechtaufleben.org%2Fral%2Fdie-kurdische-aktivistin-kajal-nasri-zu-5-jahren-gefangnis-verurteilt%2F\" data-link=\"http:\/\/pinterest.com\/pin\/create\/link\/?url=https%3A%2F%2Frechtaufleben.org%2Fral%2Fdie-kurdische-aktivistin-kajal-nasri-zu-5-jahren-gefangnis-verurteilt%2F\" data-count=\"pinterest-circled\"><span class=\"social_icon social_icon_pinterest-circled sc_icon_type_icons\"><span class=\"icon-pinterest-circled\"><\/span><i>Pinterest<\/i><\/span><\/a><\/span><\/div><\/span> \t\t<\/div><!-- .post_meta -->\n\t\t\t\t<\/div><!-- .post_header -->\n\t\t\t\t<div class=\"post_content entry-content\">\n\t\t\t<p><a class=\"more-link\" href=\"https:\/\/rechtaufleben.org\/ral\/die-kurdische-aktivistin-kajal-nasri-zu-5-jahren-gefangnis-verurteilt\/\">Weiterlesen<\/a><\/p>\t\t<\/div><!-- .entry-content -->\n\t\t<\/article>\n\t\t<\/div>\n\t\t\t\t<div class=\"column-1_2\">\n\t\t<article id=\"post-373\" data-post-id=\"373\"\n\tclass=\"post_item post_layout_excerpt post_format_standard post-373 post type-post status-publish format-standard has-post-thumbnail hentry category-aktuelles category-frauen category-uncategorized\" data-animation=\"animated fadeInUpSmall normal\">\n\t<div class=\"post_featured with_thumb hover_icons\"><img decoding=\"async\" width=\"427\" height=\"374\" src=\"https:\/\/rechtaufleben.org\/ral\/wp-content\/uploads\/2022\/09\/Zohre-Sarv-1-1-1.jpg\" class=\"attachment-humanum-thumb-big size-humanum-thumb-big wp-post-image\" alt=\"\" srcset=\"https:\/\/rechtaufleben.org\/ral\/wp-content\/uploads\/2022\/09\/Zohre-Sarv-1-1-1.jpg 427w, https:\/\/rechtaufleben.org\/ral\/wp-content\/uploads\/2022\/09\/Zohre-Sarv-1-1-1-300x263.jpg 300w, https:\/\/rechtaufleben.org\/ral\/wp-content\/uploads\/2022\/09\/Zohre-Sarv-1-1-1-370x324.jpg 370w\" sizes=\"(max-width: 427px) 100vw, 427px\" \/>\t\t\t\t\t\t<div class=\"mask\"><\/div>\n\t\t\t\t\t\t\t\t\t<div class=\"icons icons_custom\">\n\t\t\t\t<a href=\"https:\/\/rechtaufleben.org\/ral\/gesundheitszustand-der-politischen-gefangenen-zohreh-sarv-verschlechtert\/\"  aria-hidden=\"true\">view<\/a>\n\t\t\t<\/div>\n\t\t\t<div class='post_header_categories'><div class=\"post_meta\">\n\t\t\t<span class=\"post_meta_item post_categories\"><a href=\"https:\/\/rechtaufleben.org\/ral\/category\/aktuelles\/\" rel=\"category tag\">Aktuelles<\/a> <a href=\"https:\/\/rechtaufleben.org\/ral\/category\/frauen\/\" rel=\"category tag\">Frauen<\/a> <a href=\"https:\/\/rechtaufleben.org\/ral\/category\/uncategorized\/\" rel=\"category tag\">Uncategorized<\/a><\/span> \t\t<\/div><!-- .post_meta --><\/div><\/div>\t\t<div class=\"post_header entry-header\">\n\t\t\t<h4 class=\"post_title entry-title\"><a href=\"https:\/\/rechtaufleben.org\/ral\/gesundheitszustand-der-politischen-gefangenen-zohreh-sarv-verschlechtert\/\" rel=\"bookmark\">Gesundheitszustand der politischen Gefangenen, Zohreh Sarv, verschlechtert<\/a><\/h4>\t\t<div class=\"post_meta\">\n\t\t\t<a href=\"https:\/\/rechtaufleben.org\/ral\/gesundheitszustand-der-politischen-gefangenen-zohreh-sarv-verschlechtert\/\" class=\"post_meta_item post_meta_views trx_addons_icon-eye\"><span class=\"post_meta_number\">44<\/span><span class=\"post_meta_label\">Views<\/span><\/a> <a href=\"https:\/\/rechtaufleben.org\/ral\/gesundheitszustand-der-politischen-gefangenen-zohreh-sarv-verschlechtert\/#respond\" class=\"post_meta_item post_meta_comments icon-group-6456\"><span class=\"post_meta_number\">0<\/span><span class=\"post_meta_label\">Comments<\/span><\/a> <a href=\"https:\/\/rechtaufleben.org\/ral\/gesundheitszustand-der-politischen-gefangenen-zohreh-sarv-verschlechtert\/#trx_addons_emotions\" class=\"post_meta_item post_meta_emotions trx_addons_icon-angellist\"><span class=\"post_meta_number\">0<\/span><span class=\"post_meta_label\">Reactions<\/span><\/a> <span class=\"post_meta_item post_share\"><div class=\"socials_share socials_size_tiny socials_type_drop socials_dir_horizontal\"><a href=\"#\" class=\"socials_caption\"><span class=\"socials_caption_label\">Share<\/span><\/a><span class=\"social_items\"><a class=\"social_item social_item_popup\" href=\"\/\/www.facebook.com\/sharer\/sharer.php?u=https%3A%2F%2Frechtaufleben.org%2Fral%2Fgesundheitszustand-der-politischen-gefangenen-zohreh-sarv-verschlechtert%2F\" data-link=\"\/\/www.facebook.com\/sharer\/sharer.php?u=https%3A%2F%2Frechtaufleben.org%2Fral%2Fgesundheitszustand-der-politischen-gefangenen-zohreh-sarv-verschlechtert%2F\" data-count=\"facebook\"><span class=\"social_icon social_icon_facebook sc_icon_type_icons\"><span class=\"trx_addons_icon-facebook\"><\/span><i>Facebook<\/i><\/span><\/a><a class=\"social_item social_item_popup\" href=\"\/\/twitter.com\/intent\/tweet?text=Gesundheitszustand+der+politischen+Gefangenen%2C+Zohreh+Sarv%2C+verschlechtert&#038;url=https%3A%2F%2Frechtaufleben.org%2Fral%2Fgesundheitszustand-der-politischen-gefangenen-zohreh-sarv-verschlechtert%2F\" data-link=\"\/\/twitter.com\/intent\/tweet?text=Gesundheitszustand der politischen Gefangenen, Zohreh Sarv, verschlechtert&amp;url=https%3A%2F%2Frechtaufleben.org%2Fral%2Fgesundheitszustand-der-politischen-gefangenen-zohreh-sarv-verschlechtert%2F\" data-count=\"twitter-1\"><span class=\"social_icon social_icon_twitter-1 sc_icon_type_icons\"><span class=\"icon-twitter-1\"><\/span><i>Twitter-1<\/i><\/span><\/a><a class=\"social_item social_item_popup\" href=\"http:\/\/pinterest.com\/pin\/create\/link\/?url=https%3A%2F%2Frechtaufleben.org%2Fral%2Fgesundheitszustand-der-politischen-gefangenen-zohreh-sarv-verschlechtert%2F\" data-link=\"http:\/\/pinterest.com\/pin\/create\/link\/?url=https%3A%2F%2Frechtaufleben.org%2Fral%2Fgesundheitszustand-der-politischen-gefangenen-zohreh-sarv-verschlechtert%2F\" data-count=\"pinterest-circled\"><span class=\"social_icon social_icon_pinterest-circled sc_icon_type_icons\"><span class=\"icon-pinterest-circled\"><\/span><i>Pinterest<\/i><\/span><\/a><\/span><\/div><\/span> \t\t<\/div><!-- .post_meta -->\n\t\t\t\t<\/div><!-- .post_header -->\n\t\t\t\t<div class=\"post_content entry-content\">\n\t\t\t<p><a class=\"more-link\" href=\"https:\/\/rechtaufleben.org\/ral\/gesundheitszustand-der-politischen-gefangenen-zohreh-sarv-verschlechtert\/\">Weiterlesen<\/a><\/p>\t\t<\/div><!-- .entry-content -->\n\t\t<\/article>\n\t\t<\/div>\n\t\t\t\t<div class=\"column-1_2\">\n\t\t<article id=\"post-381\" data-post-id=\"381\"\n\tclass=\"post_item post_layout_excerpt post_format_standard post-381 post type-post status-publish format-standard has-post-thumbnail hentry category-aktuelles category-frauen category-uncategorized\" data-animation=\"animated fadeInUpSmall normal\">\n\t<div class=\"post_featured with_thumb hover_icons\"><img decoding=\"async\" width=\"459\" height=\"303\" src=\"https:\/\/rechtaufleben.org\/ral\/wp-content\/uploads\/2022\/09\/Rashno-1-1-1.jpg\" class=\"attachment-humanum-thumb-big size-humanum-thumb-big wp-post-image\" alt=\"\" srcset=\"https:\/\/rechtaufleben.org\/ral\/wp-content\/uploads\/2022\/09\/Rashno-1-1-1.jpg 459w, https:\/\/rechtaufleben.org\/ral\/wp-content\/uploads\/2022\/09\/Rashno-1-1-1-300x198.jpg 300w, https:\/\/rechtaufleben.org\/ral\/wp-content\/uploads\/2022\/09\/Rashno-1-1-1-370x244.jpg 370w\" sizes=\"(max-width: 459px) 100vw, 459px\" \/>\t\t\t\t\t\t<div class=\"mask\"><\/div>\n\t\t\t\t\t\t\t\t\t<div class=\"icons icons_custom\">\n\t\t\t\t<a href=\"https:\/\/rechtaufleben.org\/ral\/wie-wurde-sepideh-rashno-verhaftet-erzwungenes-gestandnis-im-staatsfernsehen\/\"  aria-hidden=\"true\">view<\/a>\n\t\t\t<\/div>\n\t\t\t<div class='post_header_categories'><div class=\"post_meta\">\n\t\t\t<span class=\"post_meta_item post_categories\"><a href=\"https:\/\/rechtaufleben.org\/ral\/category\/aktuelles\/\" rel=\"category tag\">Aktuelles<\/a> <a href=\"https:\/\/rechtaufleben.org\/ral\/category\/frauen\/\" rel=\"category tag\">Frauen<\/a> <a href=\"https:\/\/rechtaufleben.org\/ral\/category\/uncategorized\/\" rel=\"category tag\">Uncategorized<\/a><\/span> \t\t<\/div><!-- .post_meta --><\/div><\/div>\t\t<div class=\"post_header entry-header\">\n\t\t\t<h4 class=\"post_title entry-title\"><a href=\"https:\/\/rechtaufleben.org\/ral\/wie-wurde-sepideh-rashno-verhaftet-erzwungenes-gestandnis-im-staatsfernsehen\/\" rel=\"bookmark\">Wie wurde Sepideh Rashno verhaftet? Erzwungenes Gest\u00e4ndnis im Staatsfernsehen!<\/a><\/h4>\t\t<div class=\"post_meta\">\n\t\t\t<a href=\"https:\/\/rechtaufleben.org\/ral\/wie-wurde-sepideh-rashno-verhaftet-erzwungenes-gestandnis-im-staatsfernsehen\/\" class=\"post_meta_item post_meta_views trx_addons_icon-eye\"><span class=\"post_meta_number\">45<\/span><span class=\"post_meta_label\">Views<\/span><\/a> <a href=\"https:\/\/rechtaufleben.org\/ral\/wie-wurde-sepideh-rashno-verhaftet-erzwungenes-gestandnis-im-staatsfernsehen\/#respond\" class=\"post_meta_item post_meta_comments icon-group-6456\"><span class=\"post_meta_number\">0<\/span><span class=\"post_meta_label\">Comments<\/span><\/a> <a href=\"https:\/\/rechtaufleben.org\/ral\/wie-wurde-sepideh-rashno-verhaftet-erzwungenes-gestandnis-im-staatsfernsehen\/#trx_addons_emotions\" class=\"post_meta_item post_meta_emotions trx_addons_icon-angellist\"><span class=\"post_meta_number\">0<\/span><span class=\"post_meta_label\">Reactions<\/span><\/a> <span class=\"post_meta_item post_share\"><div class=\"socials_share socials_size_tiny socials_type_drop socials_dir_horizontal\"><a href=\"#\" class=\"socials_caption\"><span class=\"socials_caption_label\">Share<\/span><\/a><span class=\"social_items\"><a class=\"social_item social_item_popup\" href=\"\/\/www.facebook.com\/sharer\/sharer.php?u=https%3A%2F%2Frechtaufleben.org%2Fral%2Fwie-wurde-sepideh-rashno-verhaftet-erzwungenes-gestandnis-im-staatsfernsehen%2F\" data-link=\"\/\/www.facebook.com\/sharer\/sharer.php?u=https%3A%2F%2Frechtaufleben.org%2Fral%2Fwie-wurde-sepideh-rashno-verhaftet-erzwungenes-gestandnis-im-staatsfernsehen%2F\" data-count=\"facebook\"><span class=\"social_icon social_icon_facebook sc_icon_type_icons\"><span class=\"trx_addons_icon-facebook\"><\/span><i>Facebook<\/i><\/span><\/a><a class=\"social_item social_item_popup\" href=\"\/\/twitter.com\/intent\/tweet?text=Wie+wurde+Sepideh+Rashno+verhaftet%3F+Erzwungenes+Gest%C3%A4ndnis+im+Staatsfernsehen%21&#038;url=https%3A%2F%2Frechtaufleben.org%2Fral%2Fwie-wurde-sepideh-rashno-verhaftet-erzwungenes-gestandnis-im-staatsfernsehen%2F\" data-link=\"\/\/twitter.com\/intent\/tweet?text=Wie wurde Sepideh Rashno verhaftet? Erzwungenes Gest\u00e4ndnis im Staatsfernsehen!&amp;url=https%3A%2F%2Frechtaufleben.org%2Fral%2Fwie-wurde-sepideh-rashno-verhaftet-erzwungenes-gestandnis-im-staatsfernsehen%2F\" data-count=\"twitter-1\"><span class=\"social_icon social_icon_twitter-1 sc_icon_type_icons\"><span class=\"icon-twitter-1\"><\/span><i>Twitter-1<\/i><\/span><\/a><a class=\"social_item social_item_popup\" href=\"http:\/\/pinterest.com\/pin\/create\/link\/?url=https%3A%2F%2Frechtaufleben.org%2Fral%2Fwie-wurde-sepideh-rashno-verhaftet-erzwungenes-gestandnis-im-staatsfernsehen%2F\" data-link=\"http:\/\/pinterest.com\/pin\/create\/link\/?url=https%3A%2F%2Frechtaufleben.org%2Fral%2Fwie-wurde-sepideh-rashno-verhaftet-erzwungenes-gestandnis-im-staatsfernsehen%2F\" data-count=\"pinterest-circled\"><span class=\"social_icon social_icon_pinterest-circled sc_icon_type_icons\"><span class=\"icon-pinterest-circled\"><\/span><i>Pinterest<\/i><\/span><\/a><\/span><\/div><\/span> \t\t<\/div><!-- .post_meta -->\n\t\t\t\t<\/div><!-- .post_header -->\n\t\t\t\t<div class=\"post_content entry-content\">\n\t\t\t<p><a class=\"more-link\" href=\"https:\/\/rechtaufleben.org\/ral\/wie-wurde-sepideh-rashno-verhaftet-erzwungenes-gestandnis-im-staatsfernsehen\/\">Weiterlesen<\/a><\/p>\t\t<\/div><!-- .entry-content -->\n\t\t<\/article>\n\t\t<\/div>\n\t\t\t\t<div class=\"column-1_2\">\n\t\t<article id=\"post-385\" data-post-id=\"385\"\n\tclass=\"post_item post_layout_excerpt post_format_standard post-385 post type-post status-publish format-standard has-post-thumbnail hentry category-aktuelles category-frauen category-uncategorized\" data-animation=\"animated fadeInUpSmall normal\">\n\t<div class=\"post_featured with_thumb hover_icons\"><img loading=\"lazy\" decoding=\"async\" width=\"565\" height=\"372\" src=\"https:\/\/rechtaufleben.org\/ral\/wp-content\/uploads\/2022\/09\/Azar-Karvandi-1-1-1.jpg\" class=\"attachment-humanum-thumb-big size-humanum-thumb-big wp-post-image\" alt=\"\" srcset=\"https:\/\/rechtaufleben.org\/ral\/wp-content\/uploads\/2022\/09\/Azar-Karvandi-1-1-1.jpg 565w, https:\/\/rechtaufleben.org\/ral\/wp-content\/uploads\/2022\/09\/Azar-Karvandi-1-1-1-300x198.jpg 300w, https:\/\/rechtaufleben.org\/ral\/wp-content\/uploads\/2022\/09\/Azar-Karvandi-1-1-1-370x244.jpg 370w\" sizes=\"(max-width: 565px) 100vw, 565px\" \/>\t\t\t\t\t\t<div class=\"mask\"><\/div>\n\t\t\t\t\t\t\t\t\t<div class=\"icons icons_custom\">\n\t\t\t\t<a href=\"https:\/\/rechtaufleben.org\/ral\/das-teheraner-berufungsgericht-bestatigt-5-jahre-fur-ehemalige-politische-gefangene-azar-karvandi-musazadeh\/\"  aria-hidden=\"true\">view<\/a>\n\t\t\t<\/div>\n\t\t\t<div class='post_header_categories'><div class=\"post_meta\">\n\t\t\t<span class=\"post_meta_item post_categories\"><a href=\"https:\/\/rechtaufleben.org\/ral\/category\/aktuelles\/\" rel=\"category tag\">Aktuelles<\/a> <a href=\"https:\/\/rechtaufleben.org\/ral\/category\/frauen\/\" rel=\"category tag\">Frauen<\/a> <a href=\"https:\/\/rechtaufleben.org\/ral\/category\/uncategorized\/\" rel=\"category tag\">Uncategorized<\/a><\/span> \t\t<\/div><!-- .post_meta --><\/div><\/div>\t\t<div class=\"post_header entry-header\">\n\t\t\t<h4 class=\"post_title entry-title\"><a href=\"https:\/\/rechtaufleben.org\/ral\/das-teheraner-berufungsgericht-bestatigt-5-jahre-fur-ehemalige-politische-gefangene-azar-karvandi-musazadeh\/\" rel=\"bookmark\">Das Teheraner Berufungsgericht best\u00e4tigt 5 Jahre f\u00fcr ehemalige politische Gefangene, Azar Karvandi Musazadeh<\/a><\/h4>\t\t<div class=\"post_meta\">\n\t\t\t<a href=\"https:\/\/rechtaufleben.org\/ral\/das-teheraner-berufungsgericht-bestatigt-5-jahre-fur-ehemalige-politische-gefangene-azar-karvandi-musazadeh\/\" class=\"post_meta_item post_meta_views trx_addons_icon-eye\"><span class=\"post_meta_number\">43<\/span><span class=\"post_meta_label\">Views<\/span><\/a> <a href=\"https:\/\/rechtaufleben.org\/ral\/das-teheraner-berufungsgericht-bestatigt-5-jahre-fur-ehemalige-politische-gefangene-azar-karvandi-musazadeh\/#respond\" class=\"post_meta_item post_meta_comments icon-group-6456\"><span class=\"post_meta_number\">0<\/span><span class=\"post_meta_label\">Comments<\/span><\/a> <a href=\"https:\/\/rechtaufleben.org\/ral\/das-teheraner-berufungsgericht-bestatigt-5-jahre-fur-ehemalige-politische-gefangene-azar-karvandi-musazadeh\/#trx_addons_emotions\" class=\"post_meta_item post_meta_emotions trx_addons_icon-angellist\"><span class=\"post_meta_number\">0<\/span><span class=\"post_meta_label\">Reactions<\/span><\/a> <span class=\"post_meta_item post_share\"><div class=\"socials_share socials_size_tiny socials_type_drop socials_dir_horizontal\"><a href=\"#\" class=\"socials_caption\"><span class=\"socials_caption_label\">Share<\/span><\/a><span class=\"social_items\"><a class=\"social_item social_item_popup\" href=\"\/\/www.facebook.com\/sharer\/sharer.php?u=https%3A%2F%2Frechtaufleben.org%2Fral%2Fdas-teheraner-berufungsgericht-bestatigt-5-jahre-fur-ehemalige-politische-gefangene-azar-karvandi-musazadeh%2F\" data-link=\"\/\/www.facebook.com\/sharer\/sharer.php?u=https%3A%2F%2Frechtaufleben.org%2Fral%2Fdas-teheraner-berufungsgericht-bestatigt-5-jahre-fur-ehemalige-politische-gefangene-azar-karvandi-musazadeh%2F\" data-count=\"facebook\"><span class=\"social_icon social_icon_facebook sc_icon_type_icons\"><span class=\"trx_addons_icon-facebook\"><\/span><i>Facebook<\/i><\/span><\/a><a class=\"social_item social_item_popup\" href=\"\/\/twitter.com\/intent\/tweet?text=Das+Teheraner+Berufungsgericht+best%C3%A4tigt+5+Jahre+f%C3%BCr+ehemalige+politische+Gefangene%2C+Azar+Karvandi+Musazadeh&#038;url=https%3A%2F%2Frechtaufleben.org%2Fral%2Fdas-teheraner-berufungsgericht-bestatigt-5-jahre-fur-ehemalige-politische-gefangene-azar-karvandi-musazadeh%2F\" data-link=\"\/\/twitter.com\/intent\/tweet?text=Das Teheraner Berufungsgericht best\u00e4tigt 5 Jahre f\u00fcr ehemalige politische Gefangene, Azar Karvandi Musazadeh&amp;url=https%3A%2F%2Frechtaufleben.org%2Fral%2Fdas-teheraner-berufungsgericht-bestatigt-5-jahre-fur-ehemalige-politische-gefangene-azar-karvandi-musazadeh%2F\" data-count=\"twitter-1\"><span class=\"social_icon social_icon_twitter-1 sc_icon_type_icons\"><span class=\"icon-twitter-1\"><\/span><i>Twitter-1<\/i><\/span><\/a><a class=\"social_item social_item_popup\" href=\"http:\/\/pinterest.com\/pin\/create\/link\/?url=https%3A%2F%2Frechtaufleben.org%2Fral%2Fdas-teheraner-berufungsgericht-bestatigt-5-jahre-fur-ehemalige-politische-gefangene-azar-karvandi-musazadeh%2F\" data-link=\"http:\/\/pinterest.com\/pin\/create\/link\/?url=https%3A%2F%2Frechtaufleben.org%2Fral%2Fdas-teheraner-berufungsgericht-bestatigt-5-jahre-fur-ehemalige-politische-gefangene-azar-karvandi-musazadeh%2F\" data-count=\"pinterest-circled\"><span class=\"social_icon social_icon_pinterest-circled sc_icon_type_icons\"><span class=\"icon-pinterest-circled\"><\/span><i>Pinterest<\/i><\/span><\/a><\/span><\/div><\/span> \t\t<\/div><!-- .post_meta -->\n\t\t\t\t<\/div><!-- .post_header -->\n\t\t\t\t<div class=\"post_content entry-content\">\n\t\t\t<p><a class=\"more-link\" href=\"https:\/\/rechtaufleben.org\/ral\/das-teheraner-berufungsgericht-bestatigt-5-jahre-fur-ehemalige-politische-gefangene-azar-karvandi-musazadeh\/\">Weiterlesen<\/a><\/p>\t\t<\/div><!-- .entry-content -->\n\t\t<\/article>\n\t\t<\/div>\n\t\t\t\t<div class=\"column-1_2\">\n\t\t<article id=\"post-390\" data-post-id=\"390\"\n\tclass=\"post_item post_layout_excerpt post_format_standard post-390 post type-post status-publish format-standard has-post-thumbnail hentry category-aktuelles category-frauen category-uncategorized\" data-animation=\"animated fadeInUpSmall normal\">\n\t<div class=\"post_featured with_thumb hover_icons\"><img loading=\"lazy\" decoding=\"async\" width=\"471\" height=\"373\" src=\"https:\/\/rechtaufleben.org\/ral\/wp-content\/uploads\/2022\/09\/Soada-Khadirzadeh-1-1-1.jpg\" class=\"attachment-humanum-thumb-big size-humanum-thumb-big wp-post-image\" alt=\"\" srcset=\"https:\/\/rechtaufleben.org\/ral\/wp-content\/uploads\/2022\/09\/Soada-Khadirzadeh-1-1-1.jpg 471w, https:\/\/rechtaufleben.org\/ral\/wp-content\/uploads\/2022\/09\/Soada-Khadirzadeh-1-1-1-300x238.jpg 300w, https:\/\/rechtaufleben.org\/ral\/wp-content\/uploads\/2022\/09\/Soada-Khadirzadeh-1-1-1-370x293.jpg 370w\" sizes=\"(max-width: 471px) 100vw, 471px\" \/>\t\t\t\t\t\t<div class=\"mask\"><\/div>\n\t\t\t\t\t\t\t\t\t<div class=\"icons icons_custom\">\n\t\t\t\t<a href=\"https:\/\/rechtaufleben.org\/ral\/gericht-verurteilt-soada-khadirzadeh-zu-125-jahren-gefangnis\/\"  aria-hidden=\"true\">view<\/a>\n\t\t\t<\/div>\n\t\t\t<div class='post_header_categories'><div class=\"post_meta\">\n\t\t\t<span class=\"post_meta_item post_categories\"><a href=\"https:\/\/rechtaufleben.org\/ral\/category\/aktuelles\/\" rel=\"category tag\">Aktuelles<\/a> <a href=\"https:\/\/rechtaufleben.org\/ral\/category\/frauen\/\" rel=\"category tag\">Frauen<\/a> <a href=\"https:\/\/rechtaufleben.org\/ral\/category\/uncategorized\/\" rel=\"category tag\">Uncategorized<\/a><\/span> \t\t<\/div><!-- .post_meta --><\/div><\/div>\t\t<div class=\"post_header entry-header\">\n\t\t\t<h4 class=\"post_title entry-title\"><a href=\"https:\/\/rechtaufleben.org\/ral\/gericht-verurteilt-soada-khadirzadeh-zu-125-jahren-gefangnis\/\" rel=\"bookmark\">Gericht verurteilt Soada Khadirzadeh zu 12,5 Jahren Gef\u00e4ngnis<\/a><\/h4>\t\t<div class=\"post_meta\">\n\t\t\t<a href=\"https:\/\/rechtaufleben.org\/ral\/gericht-verurteilt-soada-khadirzadeh-zu-125-jahren-gefangnis\/\" class=\"post_meta_item post_meta_views trx_addons_icon-eye\"><span class=\"post_meta_number\">56<\/span><span class=\"post_meta_label\">Views<\/span><\/a> <a href=\"https:\/\/rechtaufleben.org\/ral\/gericht-verurteilt-soada-khadirzadeh-zu-125-jahren-gefangnis\/#respond\" class=\"post_meta_item post_meta_comments icon-group-6456\"><span class=\"post_meta_number\">0<\/span><span class=\"post_meta_label\">Comments<\/span><\/a> <a href=\"https:\/\/rechtaufleben.org\/ral\/gericht-verurteilt-soada-khadirzadeh-zu-125-jahren-gefangnis\/#trx_addons_emotions\" class=\"post_meta_item post_meta_emotions trx_addons_icon-angellist\"><span class=\"post_meta_number\">0<\/span><span class=\"post_meta_label\">Reactions<\/span><\/a> <span class=\"post_meta_item post_share\"><div class=\"socials_share socials_size_tiny socials_type_drop socials_dir_horizontal\"><a href=\"#\" class=\"socials_caption\"><span class=\"socials_caption_label\">Share<\/span><\/a><span class=\"social_items\"><a class=\"social_item social_item_popup\" href=\"\/\/www.facebook.com\/sharer\/sharer.php?u=https%3A%2F%2Frechtaufleben.org%2Fral%2Fgericht-verurteilt-soada-khadirzadeh-zu-125-jahren-gefangnis%2F\" data-link=\"\/\/www.facebook.com\/sharer\/sharer.php?u=https%3A%2F%2Frechtaufleben.org%2Fral%2Fgericht-verurteilt-soada-khadirzadeh-zu-125-jahren-gefangnis%2F\" data-count=\"facebook\"><span class=\"social_icon social_icon_facebook sc_icon_type_icons\"><span class=\"trx_addons_icon-facebook\"><\/span><i>Facebook<\/i><\/span><\/a><a class=\"social_item social_item_popup\" href=\"\/\/twitter.com\/intent\/tweet?text=Gericht+verurteilt+Soada+Khadirzadeh+zu+12%2C5+Jahren+Gef%C3%A4ngnis&#038;url=https%3A%2F%2Frechtaufleben.org%2Fral%2Fgericht-verurteilt-soada-khadirzadeh-zu-125-jahren-gefangnis%2F\" data-link=\"\/\/twitter.com\/intent\/tweet?text=Gericht verurteilt Soada Khadirzadeh zu 12,5 Jahren Gef\u00e4ngnis&amp;url=https%3A%2F%2Frechtaufleben.org%2Fral%2Fgericht-verurteilt-soada-khadirzadeh-zu-125-jahren-gefangnis%2F\" data-count=\"twitter-1\"><span class=\"social_icon social_icon_twitter-1 sc_icon_type_icons\"><span class=\"icon-twitter-1\"><\/span><i>Twitter-1<\/i><\/span><\/a><a class=\"social_item social_item_popup\" href=\"http:\/\/pinterest.com\/pin\/create\/link\/?url=https%3A%2F%2Frechtaufleben.org%2Fral%2Fgericht-verurteilt-soada-khadirzadeh-zu-125-jahren-gefangnis%2F\" data-link=\"http:\/\/pinterest.com\/pin\/create\/link\/?url=https%3A%2F%2Frechtaufleben.org%2Fral%2Fgericht-verurteilt-soada-khadirzadeh-zu-125-jahren-gefangnis%2F\" data-count=\"pinterest-circled\"><span class=\"social_icon social_icon_pinterest-circled sc_icon_type_icons\"><span class=\"icon-pinterest-circled\"><\/span><i>Pinterest<\/i><\/span><\/a><\/span><\/div><\/span> \t\t<\/div><!-- .post_meta -->\n\t\t\t\t<\/div><!-- .post_header -->\n\t\t\t\t<div class=\"post_content entry-content\">\n\t\t\t<p><a class=\"more-link\" href=\"https:\/\/rechtaufleben.org\/ral\/gericht-verurteilt-soada-khadirzadeh-zu-125-jahren-gefangnis\/\">Weiterlesen<\/a><\/p>\t\t<\/div><!-- .entry-content -->\n\t\t<\/article>\n\t\t<\/div>\n\t\t\t\t<div class=\"column-1_2\">\n\t\t<article id=\"post-394\" data-post-id=\"394\"\n\tclass=\"post_item post_layout_excerpt post_format_standard post-394 post type-post status-publish format-standard has-post-thumbnail hentry category-aktuelles category-frauen category-uncategorized\" data-animation=\"animated fadeInUpSmall normal\">\n\t<div class=\"post_featured with_thumb hover_icons\"><img loading=\"lazy\" decoding=\"async\" width=\"585\" height=\"376\" src=\"https:\/\/rechtaufleben.org\/ral\/wp-content\/uploads\/2022\/09\/Zahra-Sedigheh-Hemadani-1-1-1.jpg\" class=\"attachment-humanum-thumb-big size-humanum-thumb-big wp-post-image\" alt=\"\" srcset=\"https:\/\/rechtaufleben.org\/ral\/wp-content\/uploads\/2022\/09\/Zahra-Sedigheh-Hemadani-1-1-1.jpg 585w, https:\/\/rechtaufleben.org\/ral\/wp-content\/uploads\/2022\/09\/Zahra-Sedigheh-Hemadani-1-1-1-300x193.jpg 300w, https:\/\/rechtaufleben.org\/ral\/wp-content\/uploads\/2022\/09\/Zahra-Sedigheh-Hemadani-1-1-1-370x238.jpg 370w\" sizes=\"(max-width: 585px) 100vw, 585px\" \/>\t\t\t\t\t\t<div class=\"mask\"><\/div>\n\t\t\t\t\t\t\t\t\t<div class=\"icons icons_custom\">\n\t\t\t\t<a href=\"https:\/\/rechtaufleben.org\/ral\/zwei-iranische-frauen-wegen-ihrer-sexuellen-orientierung-zum-tode-verurteilt\/\"  aria-hidden=\"true\">view<\/a>\n\t\t\t<\/div>\n\t\t\t<div class='post_header_categories'><div class=\"post_meta\">\n\t\t\t<span class=\"post_meta_item post_categories\"><a href=\"https:\/\/rechtaufleben.org\/ral\/category\/aktuelles\/\" rel=\"category tag\">Aktuelles<\/a> <a href=\"https:\/\/rechtaufleben.org\/ral\/category\/frauen\/\" rel=\"category tag\">Frauen<\/a> <a href=\"https:\/\/rechtaufleben.org\/ral\/category\/uncategorized\/\" rel=\"category tag\">Uncategorized<\/a><\/span> \t\t<\/div><!-- .post_meta --><\/div><\/div>\t\t<div class=\"post_header entry-header\">\n\t\t\t<h4 class=\"post_title entry-title\"><a href=\"https:\/\/rechtaufleben.org\/ral\/zwei-iranische-frauen-wegen-ihrer-sexuellen-orientierung-zum-tode-verurteilt\/\" rel=\"bookmark\">Zwei iranische Frauen wegen ihrer sexuellen Orientierung zum Tode verurteilt<\/a><\/h4>\t\t<div class=\"post_meta\">\n\t\t\t<a href=\"https:\/\/rechtaufleben.org\/ral\/zwei-iranische-frauen-wegen-ihrer-sexuellen-orientierung-zum-tode-verurteilt\/\" class=\"post_meta_item post_meta_views trx_addons_icon-eye\"><span class=\"post_meta_number\">63<\/span><span class=\"post_meta_label\">Views<\/span><\/a> <a href=\"https:\/\/rechtaufleben.org\/ral\/zwei-iranische-frauen-wegen-ihrer-sexuellen-orientierung-zum-tode-verurteilt\/#respond\" class=\"post_meta_item post_meta_comments icon-group-6456\"><span class=\"post_meta_number\">0<\/span><span class=\"post_meta_label\">Comments<\/span><\/a> <a href=\"https:\/\/rechtaufleben.org\/ral\/zwei-iranische-frauen-wegen-ihrer-sexuellen-orientierung-zum-tode-verurteilt\/#trx_addons_emotions\" class=\"post_meta_item post_meta_emotions trx_addons_icon-angellist\"><span class=\"post_meta_number\">0<\/span><span class=\"post_meta_label\">Reactions<\/span><\/a> <span class=\"post_meta_item post_share\"><div class=\"socials_share socials_size_tiny socials_type_drop socials_dir_horizontal\"><a href=\"#\" class=\"socials_caption\"><span class=\"socials_caption_label\">Share<\/span><\/a><span class=\"social_items\"><a class=\"social_item social_item_popup\" href=\"\/\/www.facebook.com\/sharer\/sharer.php?u=https%3A%2F%2Frechtaufleben.org%2Fral%2Fzwei-iranische-frauen-wegen-ihrer-sexuellen-orientierung-zum-tode-verurteilt%2F\" data-link=\"\/\/www.facebook.com\/sharer\/sharer.php?u=https%3A%2F%2Frechtaufleben.org%2Fral%2Fzwei-iranische-frauen-wegen-ihrer-sexuellen-orientierung-zum-tode-verurteilt%2F\" data-count=\"facebook\"><span class=\"social_icon social_icon_facebook sc_icon_type_icons\"><span class=\"trx_addons_icon-facebook\"><\/span><i>Facebook<\/i><\/span><\/a><a class=\"social_item social_item_popup\" href=\"\/\/twitter.com\/intent\/tweet?text=Zwei+iranische+Frauen+wegen+ihrer+sexuellen+Orientierung+zum+Tode+verurteilt&#038;url=https%3A%2F%2Frechtaufleben.org%2Fral%2Fzwei-iranische-frauen-wegen-ihrer-sexuellen-orientierung-zum-tode-verurteilt%2F\" data-link=\"\/\/twitter.com\/intent\/tweet?text=Zwei iranische Frauen wegen ihrer sexuellen Orientierung zum Tode verurteilt&amp;url=https%3A%2F%2Frechtaufleben.org%2Fral%2Fzwei-iranische-frauen-wegen-ihrer-sexuellen-orientierung-zum-tode-verurteilt%2F\" data-count=\"twitter-1\"><span class=\"social_icon social_icon_twitter-1 sc_icon_type_icons\"><span class=\"icon-twitter-1\"><\/span><i>Twitter-1<\/i><\/span><\/a><a class=\"social_item social_item_popup\" href=\"http:\/\/pinterest.com\/pin\/create\/link\/?url=https%3A%2F%2Frechtaufleben.org%2Fral%2Fzwei-iranische-frauen-wegen-ihrer-sexuellen-orientierung-zum-tode-verurteilt%2F\" data-link=\"http:\/\/pinterest.com\/pin\/create\/link\/?url=https%3A%2F%2Frechtaufleben.org%2Fral%2Fzwei-iranische-frauen-wegen-ihrer-sexuellen-orientierung-zum-tode-verurteilt%2F\" data-count=\"pinterest-circled\"><span class=\"social_icon social_icon_pinterest-circled sc_icon_type_icons\"><span class=\"icon-pinterest-circled\"><\/span><i>Pinterest<\/i><\/span><\/a><\/span><\/div><\/span> \t\t<\/div><!-- .post_meta -->\n\t\t\t\t<\/div><!-- .post_header -->\n\t\t\t\t<div class=\"post_content entry-content\">\n\t\t\t<p><a class=\"more-link\" href=\"https:\/\/rechtaufleben.org\/ral\/zwei-iranische-frauen-wegen-ihrer-sexuellen-orientierung-zum-tode-verurteilt\/\">Weiterlesen<\/a><\/p>\t\t<\/div><!-- .entry-content -->\n\t\t<\/article>\n\t\t<\/div>\n\t\t\t\t<div class=\"column-1_2\">\n\t\t<article id=\"post-398\" data-post-id=\"398\"\n\tclass=\"post_item post_layout_excerpt post_format_standard post-398 post type-post status-publish format-standard has-post-thumbnail hentry category-aktuelles category-frauen category-uncategorized\" data-animation=\"animated fadeInUpSmall normal\">\n\t<div class=\"post_featured with_thumb hover_icons\"><img loading=\"lazy\" decoding=\"async\" width=\"750\" height=\"375\" src=\"https:\/\/rechtaufleben.org\/ral\/wp-content\/uploads\/2022\/09\/Missachtung-Hijab-1-1-1.jpg\" class=\"attachment-humanum-thumb-big size-humanum-thumb-big wp-post-image\" alt=\"\" srcset=\"https:\/\/rechtaufleben.org\/ral\/wp-content\/uploads\/2022\/09\/Missachtung-Hijab-1-1-1.jpg 750w, https:\/\/rechtaufleben.org\/ral\/wp-content\/uploads\/2022\/09\/Missachtung-Hijab-1-1-1-300x150.jpg 300w, https:\/\/rechtaufleben.org\/ral\/wp-content\/uploads\/2022\/09\/Missachtung-Hijab-1-1-1-370x185.jpg 370w, https:\/\/rechtaufleben.org\/ral\/wp-content\/uploads\/2022\/09\/Missachtung-Hijab-1-1-1-700x350.jpg 700w\" sizes=\"(max-width: 750px) 100vw, 750px\" \/>\t\t\t\t\t\t<div class=\"mask\"><\/div>\n\t\t\t\t\t\t\t\t\t<div class=\"icons icons_custom\">\n\t\t\t\t<a href=\"https:\/\/rechtaufleben.org\/ral\/300-frauen-wegen-missachtung-der-hijab-regeln-festgenommen\/\"  aria-hidden=\"true\">view<\/a>\n\t\t\t<\/div>\n\t\t\t<div class='post_header_categories'><div class=\"post_meta\">\n\t\t\t<span class=\"post_meta_item post_categories\"><a href=\"https:\/\/rechtaufleben.org\/ral\/category\/aktuelles\/\" rel=\"category tag\">Aktuelles<\/a> <a href=\"https:\/\/rechtaufleben.org\/ral\/category\/frauen\/\" rel=\"category tag\">Frauen<\/a> <a href=\"https:\/\/rechtaufleben.org\/ral\/category\/uncategorized\/\" rel=\"category tag\">Uncategorized<\/a><\/span> \t\t<\/div><!-- .post_meta --><\/div><\/div>\t\t<div class=\"post_header entry-header\">\n\t\t\t<h4 class=\"post_title entry-title\"><a href=\"https:\/\/rechtaufleben.org\/ral\/300-frauen-wegen-missachtung-der-hijab-regeln-festgenommen\/\" rel=\"bookmark\">300 Frauen wegen Missachtung der Hijab-Regeln festgenommen<\/a><\/h4>\t\t<div class=\"post_meta\">\n\t\t\t<a href=\"https:\/\/rechtaufleben.org\/ral\/300-frauen-wegen-missachtung-der-hijab-regeln-festgenommen\/\" class=\"post_meta_item post_meta_views trx_addons_icon-eye\"><span class=\"post_meta_number\">60<\/span><span class=\"post_meta_label\">Views<\/span><\/a> <a href=\"https:\/\/rechtaufleben.org\/ral\/300-frauen-wegen-missachtung-der-hijab-regeln-festgenommen\/#respond\" class=\"post_meta_item post_meta_comments icon-group-6456\"><span class=\"post_meta_number\">0<\/span><span class=\"post_meta_label\">Comments<\/span><\/a> <a href=\"https:\/\/rechtaufleben.org\/ral\/300-frauen-wegen-missachtung-der-hijab-regeln-festgenommen\/#trx_addons_emotions\" class=\"post_meta_item post_meta_emotions trx_addons_icon-angellist\"><span class=\"post_meta_number\">0<\/span><span class=\"post_meta_label\">Reactions<\/span><\/a> <span class=\"post_meta_item post_share\"><div class=\"socials_share socials_size_tiny socials_type_drop socials_dir_horizontal\"><a href=\"#\" class=\"socials_caption\"><span class=\"socials_caption_label\">Share<\/span><\/a><span class=\"social_items\"><a class=\"social_item social_item_popup\" href=\"\/\/www.facebook.com\/sharer\/sharer.php?u=https%3A%2F%2Frechtaufleben.org%2Fral%2F300-frauen-wegen-missachtung-der-hijab-regeln-festgenommen%2F\" data-link=\"\/\/www.facebook.com\/sharer\/sharer.php?u=https%3A%2F%2Frechtaufleben.org%2Fral%2F300-frauen-wegen-missachtung-der-hijab-regeln-festgenommen%2F\" data-count=\"facebook\"><span class=\"social_icon social_icon_facebook sc_icon_type_icons\"><span class=\"trx_addons_icon-facebook\"><\/span><i>Facebook<\/i><\/span><\/a><a class=\"social_item social_item_popup\" href=\"\/\/twitter.com\/intent\/tweet?text=300+Frauen+wegen+Missachtung+der+Hijab-Regeln+festgenommen&#038;url=https%3A%2F%2Frechtaufleben.org%2Fral%2F300-frauen-wegen-missachtung-der-hijab-regeln-festgenommen%2F\" data-link=\"\/\/twitter.com\/intent\/tweet?text=300 Frauen wegen Missachtung der Hijab-Regeln festgenommen&amp;url=https%3A%2F%2Frechtaufleben.org%2Fral%2F300-frauen-wegen-missachtung-der-hijab-regeln-festgenommen%2F\" data-count=\"twitter-1\"><span class=\"social_icon social_icon_twitter-1 sc_icon_type_icons\"><span class=\"icon-twitter-1\"><\/span><i>Twitter-1<\/i><\/span><\/a><a class=\"social_item social_item_popup\" href=\"http:\/\/pinterest.com\/pin\/create\/link\/?url=https%3A%2F%2Frechtaufleben.org%2Fral%2F300-frauen-wegen-missachtung-der-hijab-regeln-festgenommen%2F\" data-link=\"http:\/\/pinterest.com\/pin\/create\/link\/?url=https%3A%2F%2Frechtaufleben.org%2Fral%2F300-frauen-wegen-missachtung-der-hijab-regeln-festgenommen%2F\" data-count=\"pinterest-circled\"><span class=\"social_icon social_icon_pinterest-circled sc_icon_type_icons\"><span class=\"icon-pinterest-circled\"><\/span><i>Pinterest<\/i><\/span><\/a><\/span><\/div><\/span> \t\t<\/div><!-- .post_meta -->\n\t\t\t\t<\/div><!-- .post_header -->\n\t\t\t\t<div class=\"post_content entry-content\">\n\t\t\t<p><a class=\"more-link\" href=\"https:\/\/rechtaufleben.org\/ral\/300-frauen-wegen-missachtung-der-hijab-regeln-festgenommen\/\">Weiterlesen<\/a><\/p>\t\t<\/div><!-- .entry-content -->\n\t\t<\/article>\n\t\t<\/div>\n\t\t\t\t<div class=\"column-1_2\">\n\t\t<article id=\"post-401\" data-post-id=\"401\"\n\tclass=\"post_item post_layout_excerpt post_format_standard post-401 post type-post status-publish format-standard hentry category-aktuelles category-frauen category-uncategorized\" data-animation=\"animated fadeInUpSmall normal\">\n\t\t\t<div class=\"post_header entry-header\">\n\t\t\t<h4 class=\"post_title entry-title\"><a href=\"https:\/\/rechtaufleben.org\/ral\/das-verbrechen-aktivistin-zu-sein-5-frauen-im-iran-inhaftiert\/\" rel=\"bookmark\">Das Verbrechen, Aktivistin zu sein: 5 Frauen im Iran inhaftiert<\/a><\/h4>\t\t<div class=\"post_meta\">\n\t\t\t<span class=\"post_meta_item post_categories\"><a href=\"https:\/\/rechtaufleben.org\/ral\/category\/aktuelles\/\" rel=\"category tag\">Aktuelles<\/a> <a href=\"https:\/\/rechtaufleben.org\/ral\/category\/frauen\/\" rel=\"category tag\">Frauen<\/a> <a href=\"https:\/\/rechtaufleben.org\/ral\/category\/uncategorized\/\" rel=\"category tag\">Uncategorized<\/a><\/span> <a href=\"https:\/\/rechtaufleben.org\/ral\/das-verbrechen-aktivistin-zu-sein-5-frauen-im-iran-inhaftiert\/\" class=\"post_meta_item post_meta_views trx_addons_icon-eye\"><span class=\"post_meta_number\">48<\/span><span class=\"post_meta_label\">Views<\/span><\/a> <a href=\"https:\/\/rechtaufleben.org\/ral\/das-verbrechen-aktivistin-zu-sein-5-frauen-im-iran-inhaftiert\/#respond\" class=\"post_meta_item post_meta_comments icon-group-6456\"><span class=\"post_meta_number\">0<\/span><span class=\"post_meta_label\">Comments<\/span><\/a> <a href=\"https:\/\/rechtaufleben.org\/ral\/das-verbrechen-aktivistin-zu-sein-5-frauen-im-iran-inhaftiert\/#trx_addons_emotions\" class=\"post_meta_item post_meta_emotions trx_addons_icon-angellist\"><span class=\"post_meta_number\">0<\/span><span class=\"post_meta_label\">Reactions<\/span><\/a> <span class=\"post_meta_item post_share\"><div class=\"socials_share socials_size_tiny socials_type_drop socials_dir_horizontal\"><a href=\"#\" class=\"socials_caption\"><span class=\"socials_caption_label\">Share<\/span><\/a><span class=\"social_items\"><a class=\"social_item social_item_popup\" href=\"\/\/www.facebook.com\/sharer\/sharer.php?u=https%3A%2F%2Frechtaufleben.org%2Fral%2Fdas-verbrechen-aktivistin-zu-sein-5-frauen-im-iran-inhaftiert%2F\" data-link=\"\/\/www.facebook.com\/sharer\/sharer.php?u=https%3A%2F%2Frechtaufleben.org%2Fral%2Fdas-verbrechen-aktivistin-zu-sein-5-frauen-im-iran-inhaftiert%2F\" data-count=\"facebook\"><span class=\"social_icon social_icon_facebook sc_icon_type_icons\"><span class=\"trx_addons_icon-facebook\"><\/span><i>Facebook<\/i><\/span><\/a><a class=\"social_item social_item_popup\" href=\"\/\/twitter.com\/intent\/tweet?text=Das+Verbrechen%2C+Aktivistin+zu+sein%3A+5+Frauen+im+Iran+inhaftiert&#038;url=https%3A%2F%2Frechtaufleben.org%2Fral%2Fdas-verbrechen-aktivistin-zu-sein-5-frauen-im-iran-inhaftiert%2F\" data-link=\"\/\/twitter.com\/intent\/tweet?text=Das Verbrechen, Aktivistin zu sein: 5 Frauen im Iran inhaftiert&amp;url=https%3A%2F%2Frechtaufleben.org%2Fral%2Fdas-verbrechen-aktivistin-zu-sein-5-frauen-im-iran-inhaftiert%2F\" data-count=\"twitter-1\"><span class=\"social_icon social_icon_twitter-1 sc_icon_type_icons\"><span class=\"icon-twitter-1\"><\/span><i>Twitter-1<\/i><\/span><\/a><a class=\"social_item social_item_popup\" href=\"http:\/\/pinterest.com\/pin\/create\/link\/?url=https%3A%2F%2Frechtaufleben.org%2Fral%2Fdas-verbrechen-aktivistin-zu-sein-5-frauen-im-iran-inhaftiert%2F\" data-link=\"http:\/\/pinterest.com\/pin\/create\/link\/?url=https%3A%2F%2Frechtaufleben.org%2Fral%2Fdas-verbrechen-aktivistin-zu-sein-5-frauen-im-iran-inhaftiert%2F\" data-count=\"pinterest-circled\"><span class=\"social_icon social_icon_pinterest-circled sc_icon_type_icons\"><span class=\"icon-pinterest-circled\"><\/span><i>Pinterest<\/i><\/span><\/a><\/span><\/div><\/span> \t\t<\/div><!-- .post_meta -->\n\t\t\t\t<\/div><!-- .post_header -->\n\t\t\t\t<div class=\"post_content entry-content\">\n\t\t\t<div class=\"post_content_inner\">Raha Asgarizadeh, eine Journalistin, Fotografin und Frauenrechtlerin, trat am Samstag, dem 3. September 2022 ihre zweij\u00e4hrige Haftstrafe im Evin-Gef\u00e4ngnis an. Sie war am 1. September 2022 in die Staatsanwaltschaft des Evin-Gef\u00e4ngnisses vorgeladen worden, um ihre Strafe anzutreten. \n\n\n\nSie wurde am 12. Dezember 2019 auf dem internationalen Flughafen von Teheran festgenommen, als sie den Iran verlassen&hellip;<\/div><p><a class=\"more-link\" href=\"https:\/\/rechtaufleben.org\/ral\/das-verbrechen-aktivistin-zu-sein-5-frauen-im-iran-inhaftiert\/\">Weiterlesen<\/a><\/p>\t\t<\/div><!-- .entry-content -->\n\t\t<\/article>\n\t\t<\/div>\n\t\t\t\t<div class=\"column-1_2\">\n\t\t<article id=\"post-403\" data-post-id=\"403\"\n\tclass=\"post_item post_layout_excerpt post_format_standard post-403 post type-post status-publish format-standard has-post-thumbnail hentry category-aktuelles category-frauen category-uncategorized\" data-animation=\"animated fadeInUpSmall normal\">\n\t<div class=\"post_featured with_thumb hover_icons\"><img loading=\"lazy\" decoding=\"async\" width=\"930\" height=\"523\" src=\"https:\/\/rechtaufleben.org\/ral\/wp-content\/uploads\/2022\/09\/Protest_Okt.-2022_2-1-1-930x523.jpg\" class=\"attachment-humanum-thumb-big size-humanum-thumb-big wp-post-image\" alt=\"\" srcset=\"https:\/\/rechtaufleben.org\/ral\/wp-content\/uploads\/2022\/09\/Protest_Okt.-2022_2-1-1-930x523.jpg 930w, https:\/\/rechtaufleben.org\/ral\/wp-content\/uploads\/2022\/09\/Protest_Okt.-2022_2-1-1-370x208.jpg 370w, https:\/\/rechtaufleben.org\/ral\/wp-content\/uploads\/2022\/09\/Protest_Okt.-2022_2-1-1-700x394.jpg 700w, https:\/\/rechtaufleben.org\/ral\/wp-content\/uploads\/2022\/09\/Protest_Okt.-2022_2-1-1-270x152.jpg 270w\" sizes=\"(max-width: 930px) 100vw, 930px\" \/>\t\t\t\t\t\t<div class=\"mask\"><\/div>\n\t\t\t\t\t\t\t\t\t<div class=\"icons icons_custom\">\n\t\t\t\t<a href=\"https:\/\/rechtaufleben.org\/ral\/die-burgerrechtlerin-fereshteh-hosseini-wird-an-einen-unbekannten-ort-gebracht\/\"  aria-hidden=\"true\">view<\/a>\n\t\t\t<\/div>\n\t\t\t<div class='post_header_categories'><div class=\"post_meta\">\n\t\t\t<span class=\"post_meta_item post_categories\"><a href=\"https:\/\/rechtaufleben.org\/ral\/category\/aktuelles\/\" rel=\"category tag\">Aktuelles<\/a> <a href=\"https:\/\/rechtaufleben.org\/ral\/category\/frauen\/\" rel=\"category tag\">Frauen<\/a> <a href=\"https:\/\/rechtaufleben.org\/ral\/category\/uncategorized\/\" rel=\"category tag\">Uncategorized<\/a><\/span> \t\t<\/div><!-- .post_meta --><\/div><\/div>\t\t<div class=\"post_header entry-header\">\n\t\t\t<h4 class=\"post_title entry-title\"><a href=\"https:\/\/rechtaufleben.org\/ral\/die-burgerrechtlerin-fereshteh-hosseini-wird-an-einen-unbekannten-ort-gebracht\/\" rel=\"bookmark\">B\u00fcrgerrechtlerin, Fereshteh Hosseini, wird an einen unbekannten Ort gebracht<\/a><\/h4>\t\t<div class=\"post_meta\">\n\t\t\t<a href=\"https:\/\/rechtaufleben.org\/ral\/die-burgerrechtlerin-fereshteh-hosseini-wird-an-einen-unbekannten-ort-gebracht\/\" class=\"post_meta_item post_meta_views trx_addons_icon-eye\"><span class=\"post_meta_number\">51<\/span><span class=\"post_meta_label\">Views<\/span><\/a> <a href=\"https:\/\/rechtaufleben.org\/ral\/die-burgerrechtlerin-fereshteh-hosseini-wird-an-einen-unbekannten-ort-gebracht\/#respond\" class=\"post_meta_item post_meta_comments icon-group-6456\"><span class=\"post_meta_number\">0<\/span><span class=\"post_meta_label\">Comments<\/span><\/a> <a href=\"https:\/\/rechtaufleben.org\/ral\/die-burgerrechtlerin-fereshteh-hosseini-wird-an-einen-unbekannten-ort-gebracht\/#trx_addons_emotions\" class=\"post_meta_item post_meta_emotions trx_addons_icon-angellist\"><span class=\"post_meta_number\">0<\/span><span class=\"post_meta_label\">Reactions<\/span><\/a> <span class=\"post_meta_item post_share\"><div class=\"socials_share socials_size_tiny socials_type_drop socials_dir_horizontal\"><a href=\"#\" class=\"socials_caption\"><span class=\"socials_caption_label\">Share<\/span><\/a><span class=\"social_items\"><a class=\"social_item social_item_popup\" href=\"\/\/www.facebook.com\/sharer\/sharer.php?u=https%3A%2F%2Frechtaufleben.org%2Fral%2Fdie-burgerrechtlerin-fereshteh-hosseini-wird-an-einen-unbekannten-ort-gebracht%2F\" data-link=\"\/\/www.facebook.com\/sharer\/sharer.php?u=https%3A%2F%2Frechtaufleben.org%2Fral%2Fdie-burgerrechtlerin-fereshteh-hosseini-wird-an-einen-unbekannten-ort-gebracht%2F\" data-count=\"facebook\"><span class=\"social_icon social_icon_facebook sc_icon_type_icons\"><span class=\"trx_addons_icon-facebook\"><\/span><i>Facebook<\/i><\/span><\/a><a class=\"social_item social_item_popup\" href=\"\/\/twitter.com\/intent\/tweet?text=B%C3%BCrgerrechtlerin%2C+Fereshteh+Hosseini%2C+wird+an+einen+unbekannten+Ort+gebracht&#038;url=https%3A%2F%2Frechtaufleben.org%2Fral%2Fdie-burgerrechtlerin-fereshteh-hosseini-wird-an-einen-unbekannten-ort-gebracht%2F\" data-link=\"\/\/twitter.com\/intent\/tweet?text=B\u00fcrgerrechtlerin, Fereshteh Hosseini, wird an einen unbekannten Ort gebracht&amp;url=https%3A%2F%2Frechtaufleben.org%2Fral%2Fdie-burgerrechtlerin-fereshteh-hosseini-wird-an-einen-unbekannten-ort-gebracht%2F\" data-count=\"twitter-1\"><span class=\"social_icon social_icon_twitter-1 sc_icon_type_icons\"><span class=\"icon-twitter-1\"><\/span><i>Twitter-1<\/i><\/span><\/a><a class=\"social_item social_item_popup\" href=\"http:\/\/pinterest.com\/pin\/create\/link\/?url=https%3A%2F%2Frechtaufleben.org%2Fral%2Fdie-burgerrechtlerin-fereshteh-hosseini-wird-an-einen-unbekannten-ort-gebracht%2F\" data-link=\"http:\/\/pinterest.com\/pin\/create\/link\/?url=https%3A%2F%2Frechtaufleben.org%2Fral%2Fdie-burgerrechtlerin-fereshteh-hosseini-wird-an-einen-unbekannten-ort-gebracht%2F\" data-count=\"pinterest-circled\"><span class=\"social_icon social_icon_pinterest-circled sc_icon_type_icons\"><span class=\"icon-pinterest-circled\"><\/span><i>Pinterest<\/i><\/span><\/a><\/span><\/div><\/span> \t\t<\/div><!-- .post_meta -->\n\t\t\t\t<\/div><!-- .post_header -->\n\t\t\t\t<div class=\"post_content entry-content\">\n\t\t\t<div class=\"post_content_inner\">Die im Zentralgef\u00e4ngnis von Urmia inhaftierte Zivilaktivistin Fereshteh Hosseini wurde am 3. September an einen unbekannten Ort verlegt. Frau Hosseini war zuvor am 30. August 2022 aus einer Haftanstalt des Geheimdienstes in die Quarant\u00e4neabteilung des Urmia-Zentralgef\u00e4ngnisses verlegt worden. Fereshteh Hosseini wird wegen der Kollaboration mit einer kurdischen Partei angeklagt. Das genaue Datum der Festnahme der&hellip;<\/div><p><a class=\"more-link\" href=\"https:\/\/rechtaufleben.org\/ral\/die-burgerrechtlerin-fereshteh-hosseini-wird-an-einen-unbekannten-ort-gebracht\/\">Weiterlesen<\/a><\/p>\t\t<\/div><!-- .entry-content -->\n\t\t<\/article>\n\t\t<\/div>\n\t\t\t\t<div class=\"column-1_2\">\n\t\t<article id=\"post-405\" data-post-id=\"405\"\n\tclass=\"post_item post_layout_excerpt post_format_standard post-405 post type-post status-publish format-standard hentry category-aktuelles category-frauen category-uncategorized\" data-animation=\"animated fadeInUpSmall normal\">\n\t\t\t<div class=\"post_header entry-header\">\n\t\t\t<h4 class=\"post_title entry-title\"><a href=\"https:\/\/rechtaufleben.org\/ral\/kurdische-aktivistin-marzieh-moradveisi-wurde-ins-gefangnis-gesteckt\/\" rel=\"bookmark\">kurdische Aktivistin, Marzieh Moradveisi, wurde ins Gef\u00e4ngnis gesteckt<\/a><\/h4>\t\t<div class=\"post_meta\">\n\t\t\t<span class=\"post_meta_item post_categories\"><a href=\"https:\/\/rechtaufleben.org\/ral\/category\/aktuelles\/\" rel=\"category tag\">Aktuelles<\/a> <a href=\"https:\/\/rechtaufleben.org\/ral\/category\/frauen\/\" rel=\"category tag\">Frauen<\/a> <a href=\"https:\/\/rechtaufleben.org\/ral\/category\/uncategorized\/\" rel=\"category tag\">Uncategorized<\/a><\/span> <a href=\"https:\/\/rechtaufleben.org\/ral\/kurdische-aktivistin-marzieh-moradveisi-wurde-ins-gefangnis-gesteckt\/\" class=\"post_meta_item post_meta_views trx_addons_icon-eye\"><span class=\"post_meta_number\">48<\/span><span class=\"post_meta_label\">Views<\/span><\/a> <a href=\"https:\/\/rechtaufleben.org\/ral\/kurdische-aktivistin-marzieh-moradveisi-wurde-ins-gefangnis-gesteckt\/#respond\" class=\"post_meta_item post_meta_comments icon-group-6456\"><span class=\"post_meta_number\">0<\/span><span class=\"post_meta_label\">Comments<\/span><\/a> <a href=\"https:\/\/rechtaufleben.org\/ral\/kurdische-aktivistin-marzieh-moradveisi-wurde-ins-gefangnis-gesteckt\/#trx_addons_emotions\" class=\"post_meta_item post_meta_emotions trx_addons_icon-angellist\"><span class=\"post_meta_number\">0<\/span><span class=\"post_meta_label\">Reactions<\/span><\/a> <span class=\"post_meta_item post_share\"><div class=\"socials_share socials_size_tiny socials_type_drop socials_dir_horizontal\"><a href=\"#\" class=\"socials_caption\"><span class=\"socials_caption_label\">Share<\/span><\/a><span class=\"social_items\"><a class=\"social_item social_item_popup\" href=\"\/\/www.facebook.com\/sharer\/sharer.php?u=https%3A%2F%2Frechtaufleben.org%2Fral%2Fkurdische-aktivistin-marzieh-moradveisi-wurde-ins-gefangnis-gesteckt%2F\" data-link=\"\/\/www.facebook.com\/sharer\/sharer.php?u=https%3A%2F%2Frechtaufleben.org%2Fral%2Fkurdische-aktivistin-marzieh-moradveisi-wurde-ins-gefangnis-gesteckt%2F\" data-count=\"facebook\"><span class=\"social_icon social_icon_facebook sc_icon_type_icons\"><span class=\"trx_addons_icon-facebook\"><\/span><i>Facebook<\/i><\/span><\/a><a class=\"social_item social_item_popup\" href=\"\/\/twitter.com\/intent\/tweet?text=kurdische+Aktivistin%2C+Marzieh+Moradveisi%2C+wurde+ins+Gef%C3%A4ngnis+gesteckt&#038;url=https%3A%2F%2Frechtaufleben.org%2Fral%2Fkurdische-aktivistin-marzieh-moradveisi-wurde-ins-gefangnis-gesteckt%2F\" data-link=\"\/\/twitter.com\/intent\/tweet?text=kurdische Aktivistin, Marzieh Moradveisi, wurde ins Gef\u00e4ngnis gesteckt&amp;url=https%3A%2F%2Frechtaufleben.org%2Fral%2Fkurdische-aktivistin-marzieh-moradveisi-wurde-ins-gefangnis-gesteckt%2F\" data-count=\"twitter-1\"><span class=\"social_icon social_icon_twitter-1 sc_icon_type_icons\"><span class=\"icon-twitter-1\"><\/span><i>Twitter-1<\/i><\/span><\/a><a class=\"social_item social_item_popup\" href=\"http:\/\/pinterest.com\/pin\/create\/link\/?url=https%3A%2F%2Frechtaufleben.org%2Fral%2Fkurdische-aktivistin-marzieh-moradveisi-wurde-ins-gefangnis-gesteckt%2F\" data-link=\"http:\/\/pinterest.com\/pin\/create\/link\/?url=https%3A%2F%2Frechtaufleben.org%2Fral%2Fkurdische-aktivistin-marzieh-moradveisi-wurde-ins-gefangnis-gesteckt%2F\" data-count=\"pinterest-circled\"><span class=\"social_icon social_icon_pinterest-circled sc_icon_type_icons\"><span class=\"icon-pinterest-circled\"><\/span><i>Pinterest<\/i><\/span><\/a><\/span><\/div><\/span> \t\t<\/div><!-- .post_meta -->\n\t\t\t\t<\/div><!-- .post_header -->\n\t\t\t\t<div class=\"post_content entry-content\">\n\t\t\t<div class=\"post_content_inner\">Marzieh Moradveisi, eine kurdische Aktivistin, wurde in das Justizvollzugszentrum von Sanandaj verlegt, wo sie eine zweij\u00e4hrige Haftstrafe verb\u00fc\u00dfen muss. Das Revolutionsgericht von Sanandaj verurteilte Marzieh Moradveisi am 19. Mai 2022 wegen \u201ePropaganda gegen den Staat\u201c und \u201eKollaboration mit einer kurdischen Partei\u201c. Marzieh wurde am Mittwoch, dem 31. August 2022, festgenommen, nachdem sie vom Revolutionsgericht von&hellip;<\/div><p><a class=\"more-link\" href=\"https:\/\/rechtaufleben.org\/ral\/kurdische-aktivistin-marzieh-moradveisi-wurde-ins-gefangnis-gesteckt\/\">Weiterlesen<\/a><\/p>\t\t<\/div><!-- .entry-content -->\n\t\t<\/article>\n\t\t<\/div>\n\t\t\t\t<div class=\"column-1_2\">\n\t\t<article id=\"post-407\" data-post-id=\"407\"\n\tclass=\"post_item post_layout_excerpt post_format_standard post-407 post type-post status-publish format-standard has-post-thumbnail hentry category-aktuelles category-frauen category-uncategorized\" data-animation=\"animated fadeInUpSmall normal\">\n\t<div class=\"post_featured with_thumb hover_icons\"><img loading=\"lazy\" decoding=\"async\" width=\"502\" height=\"301\" src=\"https:\/\/rechtaufleben.org\/ral\/wp-content\/uploads\/2022\/09\/Stacheldraht-1-1-1.jpg\" class=\"attachment-humanum-thumb-big size-humanum-thumb-big wp-post-image\" alt=\"\" srcset=\"https:\/\/rechtaufleben.org\/ral\/wp-content\/uploads\/2022\/09\/Stacheldraht-1-1-1.jpg 502w, https:\/\/rechtaufleben.org\/ral\/wp-content\/uploads\/2022\/09\/Stacheldraht-1-1-1-300x180.jpg 300w, https:\/\/rechtaufleben.org\/ral\/wp-content\/uploads\/2022\/09\/Stacheldraht-1-1-1-370x222.jpg 370w\" sizes=\"(max-width: 502px) 100vw, 502px\" \/>\t\t\t\t\t\t<div class=\"mask\"><\/div>\n\t\t\t\t\t\t\t\t\t<div class=\"icons icons_custom\">\n\t\t\t\t<a href=\"https:\/\/rechtaufleben.org\/ral\/burgeraktivistin-arezou-amjadi-inhaftiert\/\"  aria-hidden=\"true\">view<\/a>\n\t\t\t<\/div>\n\t\t\t<div class='post_header_categories'><div class=\"post_meta\">\n\t\t\t<span class=\"post_meta_item post_categories\"><a href=\"https:\/\/rechtaufleben.org\/ral\/category\/aktuelles\/\" rel=\"category tag\">Aktuelles<\/a> <a href=\"https:\/\/rechtaufleben.org\/ral\/category\/frauen\/\" rel=\"category tag\">Frauen<\/a> <a href=\"https:\/\/rechtaufleben.org\/ral\/category\/uncategorized\/\" rel=\"category tag\">Uncategorized<\/a><\/span> \t\t<\/div><!-- .post_meta --><\/div><\/div>\t\t<div class=\"post_header entry-header\">\n\t\t\t<h4 class=\"post_title entry-title\"><a href=\"https:\/\/rechtaufleben.org\/ral\/burgeraktivistin-arezou-amjadi-inhaftiert\/\" rel=\"bookmark\">B\u00fcrgeraktivistin, Arezou Amjadi, inhaftiert<\/a><\/h4>\t\t<div class=\"post_meta\">\n\t\t\t<a href=\"https:\/\/rechtaufleben.org\/ral\/burgeraktivistin-arezou-amjadi-inhaftiert\/\" class=\"post_meta_item post_meta_views trx_addons_icon-eye\"><span class=\"post_meta_number\">43<\/span><span class=\"post_meta_label\">Views<\/span><\/a> <a href=\"https:\/\/rechtaufleben.org\/ral\/burgeraktivistin-arezou-amjadi-inhaftiert\/#respond\" class=\"post_meta_item post_meta_comments icon-group-6456\"><span class=\"post_meta_number\">0<\/span><span class=\"post_meta_label\">Comments<\/span><\/a> <a href=\"https:\/\/rechtaufleben.org\/ral\/burgeraktivistin-arezou-amjadi-inhaftiert\/#trx_addons_emotions\" class=\"post_meta_item post_meta_emotions trx_addons_icon-angellist\"><span class=\"post_meta_number\">0<\/span><span class=\"post_meta_label\">Reactions<\/span><\/a> <span class=\"post_meta_item post_share\"><div class=\"socials_share socials_size_tiny socials_type_drop socials_dir_horizontal\"><a href=\"#\" class=\"socials_caption\"><span class=\"socials_caption_label\">Share<\/span><\/a><span class=\"social_items\"><a class=\"social_item social_item_popup\" href=\"\/\/www.facebook.com\/sharer\/sharer.php?u=https%3A%2F%2Frechtaufleben.org%2Fral%2Fburgeraktivistin-arezou-amjadi-inhaftiert%2F\" data-link=\"\/\/www.facebook.com\/sharer\/sharer.php?u=https%3A%2F%2Frechtaufleben.org%2Fral%2Fburgeraktivistin-arezou-amjadi-inhaftiert%2F\" data-count=\"facebook\"><span class=\"social_icon social_icon_facebook sc_icon_type_icons\"><span class=\"trx_addons_icon-facebook\"><\/span><i>Facebook<\/i><\/span><\/a><a class=\"social_item social_item_popup\" href=\"\/\/twitter.com\/intent\/tweet?text=B%C3%BCrgeraktivistin%2C+Arezou+Amjadi%2C+inhaftiert&#038;url=https%3A%2F%2Frechtaufleben.org%2Fral%2Fburgeraktivistin-arezou-amjadi-inhaftiert%2F\" data-link=\"\/\/twitter.com\/intent\/tweet?text=B\u00fcrgeraktivistin, Arezou Amjadi, inhaftiert&amp;url=https%3A%2F%2Frechtaufleben.org%2Fral%2Fburgeraktivistin-arezou-amjadi-inhaftiert%2F\" data-count=\"twitter-1\"><span class=\"social_icon social_icon_twitter-1 sc_icon_type_icons\"><span class=\"icon-twitter-1\"><\/span><i>Twitter-1<\/i><\/span><\/a><a class=\"social_item social_item_popup\" href=\"http:\/\/pinterest.com\/pin\/create\/link\/?url=https%3A%2F%2Frechtaufleben.org%2Fral%2Fburgeraktivistin-arezou-amjadi-inhaftiert%2F\" data-link=\"http:\/\/pinterest.com\/pin\/create\/link\/?url=https%3A%2F%2Frechtaufleben.org%2Fral%2Fburgeraktivistin-arezou-amjadi-inhaftiert%2F\" data-count=\"pinterest-circled\"><span class=\"social_icon social_icon_pinterest-circled sc_icon_type_icons\"><span class=\"icon-pinterest-circled\"><\/span><i>Pinterest<\/i><\/span><\/a><\/span><\/div><\/span> \t\t<\/div><!-- .post_meta -->\n\t\t\t\t<\/div><!-- .post_header -->\n\t\t\t\t<div class=\"post_content entry-content\">\n\t\t\t<p><a class=\"more-link\" href=\"https:\/\/rechtaufleben.org\/ral\/burgeraktivistin-arezou-amjadi-inhaftiert\/\">Weiterlesen<\/a><\/p>\t\t<\/div><!-- .entry-content -->\n\t\t<\/article>\n\t\t<\/div>\n\t\t\t\t<div class=\"column-1_2\">\n\t\t<article id=\"post-409\" data-post-id=\"409\"\n\tclass=\"post_item post_layout_excerpt post_format_standard post-409 post type-post status-publish format-standard has-post-thumbnail hentry category-aktuelles category-frauen category-uncategorized\" data-animation=\"animated fadeInUpSmall normal\">\n\t<div class=\"post_featured with_thumb hover_icons\"><img loading=\"lazy\" decoding=\"async\" width=\"609\" height=\"305\" src=\"https:\/\/rechtaufleben.org\/ral\/wp-content\/uploads\/2022\/09\/Sara-Siahpour-1-1-1.jpg\" class=\"attachment-humanum-thumb-big size-humanum-thumb-big wp-post-image\" alt=\"\" srcset=\"https:\/\/rechtaufleben.org\/ral\/wp-content\/uploads\/2022\/09\/Sara-Siahpour-1-1-1.jpg 609w, https:\/\/rechtaufleben.org\/ral\/wp-content\/uploads\/2022\/09\/Sara-Siahpour-1-1-1-300x150.jpg 300w, https:\/\/rechtaufleben.org\/ral\/wp-content\/uploads\/2022\/09\/Sara-Siahpour-1-1-1-370x185.jpg 370w\" sizes=\"(max-width: 609px) 100vw, 609px\" \/>\t\t\t\t\t\t<div class=\"mask\"><\/div>\n\t\t\t\t\t\t\t\t\t<div class=\"icons icons_custom\">\n\t\t\t\t<a href=\"https:\/\/rechtaufleben.org\/ral\/lehreraktivistin-sara-siahpour-10-tage-gefangen-gehalten\/\"  aria-hidden=\"true\">view<\/a>\n\t\t\t<\/div>\n\t\t\t<div class='post_header_categories'><div class=\"post_meta\">\n\t\t\t<span class=\"post_meta_item post_categories\"><a href=\"https:\/\/rechtaufleben.org\/ral\/category\/aktuelles\/\" rel=\"category tag\">Aktuelles<\/a> <a href=\"https:\/\/rechtaufleben.org\/ral\/category\/frauen\/\" rel=\"category tag\">Frauen<\/a> <a href=\"https:\/\/rechtaufleben.org\/ral\/category\/uncategorized\/\" rel=\"category tag\">Uncategorized<\/a><\/span> \t\t<\/div><!-- .post_meta --><\/div><\/div>\t\t<div class=\"post_header entry-header\">\n\t\t\t<h4 class=\"post_title entry-title\"><a href=\"https:\/\/rechtaufleben.org\/ral\/lehreraktivistin-sara-siahpour-10-tage-gefangen-gehalten\/\" rel=\"bookmark\">Lehreraktivistin, Sara Siahpour, 10 Tage gefangen gehalten<\/a><\/h4>\t\t<div class=\"post_meta\">\n\t\t\t<a href=\"https:\/\/rechtaufleben.org\/ral\/lehreraktivistin-sara-siahpour-10-tage-gefangen-gehalten\/\" class=\"post_meta_item post_meta_views trx_addons_icon-eye\"><span class=\"post_meta_number\">46<\/span><span class=\"post_meta_label\">Views<\/span><\/a> <a href=\"https:\/\/rechtaufleben.org\/ral\/lehreraktivistin-sara-siahpour-10-tage-gefangen-gehalten\/#respond\" class=\"post_meta_item post_meta_comments icon-group-6456\"><span class=\"post_meta_number\">0<\/span><span class=\"post_meta_label\">Comments<\/span><\/a> <a href=\"https:\/\/rechtaufleben.org\/ral\/lehreraktivistin-sara-siahpour-10-tage-gefangen-gehalten\/#trx_addons_emotions\" class=\"post_meta_item post_meta_emotions trx_addons_icon-angellist\"><span class=\"post_meta_number\">0<\/span><span class=\"post_meta_label\">Reactions<\/span><\/a> <span class=\"post_meta_item post_share\"><div class=\"socials_share socials_size_tiny socials_type_drop socials_dir_horizontal\"><a href=\"#\" class=\"socials_caption\"><span class=\"socials_caption_label\">Share<\/span><\/a><span class=\"social_items\"><a class=\"social_item social_item_popup\" href=\"\/\/www.facebook.com\/sharer\/sharer.php?u=https%3A%2F%2Frechtaufleben.org%2Fral%2Flehreraktivistin-sara-siahpour-10-tage-gefangen-gehalten%2F\" data-link=\"\/\/www.facebook.com\/sharer\/sharer.php?u=https%3A%2F%2Frechtaufleben.org%2Fral%2Flehreraktivistin-sara-siahpour-10-tage-gefangen-gehalten%2F\" data-count=\"facebook\"><span class=\"social_icon social_icon_facebook sc_icon_type_icons\"><span class=\"trx_addons_icon-facebook\"><\/span><i>Facebook<\/i><\/span><\/a><a class=\"social_item social_item_popup\" href=\"\/\/twitter.com\/intent\/tweet?text=Lehreraktivistin%2C+Sara+Siahpour%2C+10+Tage+gefangen+gehalten&#038;url=https%3A%2F%2Frechtaufleben.org%2Fral%2Flehreraktivistin-sara-siahpour-10-tage-gefangen-gehalten%2F\" data-link=\"\/\/twitter.com\/intent\/tweet?text=Lehreraktivistin, Sara Siahpour, 10 Tage gefangen gehalten&amp;url=https%3A%2F%2Frechtaufleben.org%2Fral%2Flehreraktivistin-sara-siahpour-10-tage-gefangen-gehalten%2F\" data-count=\"twitter-1\"><span class=\"social_icon social_icon_twitter-1 sc_icon_type_icons\"><span class=\"icon-twitter-1\"><\/span><i>Twitter-1<\/i><\/span><\/a><a class=\"social_item social_item_popup\" href=\"http:\/\/pinterest.com\/pin\/create\/link\/?url=https%3A%2F%2Frechtaufleben.org%2Fral%2Flehreraktivistin-sara-siahpour-10-tage-gefangen-gehalten%2F\" data-link=\"http:\/\/pinterest.com\/pin\/create\/link\/?url=https%3A%2F%2Frechtaufleben.org%2Fral%2Flehreraktivistin-sara-siahpour-10-tage-gefangen-gehalten%2F\" data-count=\"pinterest-circled\"><span class=\"social_icon social_icon_pinterest-circled sc_icon_type_icons\"><span class=\"icon-pinterest-circled\"><\/span><i>Pinterest<\/i><\/span><\/a><\/span><\/div><\/span> \t\t<\/div><!-- .post_meta -->\n\t\t\t\t<\/div><!-- .post_header -->\n\t\t\t\t<div class=\"post_content entry-content\">\n\t\t\t<p><a class=\"more-link\" href=\"https:\/\/rechtaufleben.org\/ral\/lehreraktivistin-sara-siahpour-10-tage-gefangen-gehalten\/\">Weiterlesen<\/a><\/p>\t\t<\/div><!-- .entry-content -->\n\t\t<\/article>\n\t\t<\/div>\n\t\t\t\t<div class=\"column-1_2\">\n\t\t<article id=\"post-412\" data-post-id=\"412\"\n\tclass=\"post_item post_layout_excerpt post_format_standard post-412 post type-post status-publish format-standard has-post-thumbnail hentry category-aktuelles category-frauen category-uncategorized\" data-animation=\"animated fadeInUpSmall normal\">\n\t<div class=\"post_featured with_thumb hover_icons\"><img loading=\"lazy\" decoding=\"async\" width=\"438\" height=\"374\" src=\"https:\/\/rechtaufleben.org\/ral\/wp-content\/uploads\/2022\/09\/Forough-Taghipour-1-1-1.jpg\" class=\"attachment-humanum-thumb-big size-humanum-thumb-big wp-post-image\" alt=\"\" srcset=\"https:\/\/rechtaufleben.org\/ral\/wp-content\/uploads\/2022\/09\/Forough-Taghipour-1-1-1.jpg 438w, https:\/\/rechtaufleben.org\/ral\/wp-content\/uploads\/2022\/09\/Forough-Taghipour-1-1-1-300x256.jpg 300w, https:\/\/rechtaufleben.org\/ral\/wp-content\/uploads\/2022\/09\/Forough-Taghipour-1-1-1-370x316.jpg 370w\" sizes=\"(max-width: 438px) 100vw, 438px\" \/>\t\t\t\t\t\t<div class=\"mask\"><\/div>\n\t\t\t\t\t\t\t\t\t<div class=\"icons icons_custom\">\n\t\t\t\t<a href=\"https:\/\/rechtaufleben.org\/ral\/politische-gefangene-forough-taghipour-trotz-kritischem-gesundheitszustand-nicht-ins-krankenhaus-gebracht\/\"  aria-hidden=\"true\">view<\/a>\n\t\t\t<\/div>\n\t\t\t<div class='post_header_categories'><div class=\"post_meta\">\n\t\t\t<span class=\"post_meta_item post_categories\"><a href=\"https:\/\/rechtaufleben.org\/ral\/category\/aktuelles\/\" rel=\"category tag\">Aktuelles<\/a> <a href=\"https:\/\/rechtaufleben.org\/ral\/category\/frauen\/\" rel=\"category tag\">Frauen<\/a> <a href=\"https:\/\/rechtaufleben.org\/ral\/category\/uncategorized\/\" rel=\"category tag\">Uncategorized<\/a><\/span> \t\t<\/div><!-- .post_meta --><\/div><\/div>\t\t<div class=\"post_header entry-header\">\n\t\t\t<h4 class=\"post_title entry-title\"><a href=\"https:\/\/rechtaufleben.org\/ral\/politische-gefangene-forough-taghipour-trotz-kritischem-gesundheitszustand-nicht-ins-krankenhaus-gebracht\/\" rel=\"bookmark\">Politische Gefangene, Forough Taghipour, trotz kritischem Gesundheitszustand nicht ins Krankenhaus gebracht<\/a><\/h4>\t\t<div class=\"post_meta\">\n\t\t\t<a href=\"https:\/\/rechtaufleben.org\/ral\/politische-gefangene-forough-taghipour-trotz-kritischem-gesundheitszustand-nicht-ins-krankenhaus-gebracht\/\" class=\"post_meta_item post_meta_views trx_addons_icon-eye\"><span class=\"post_meta_number\">99<\/span><span class=\"post_meta_label\">Views<\/span><\/a> <a href=\"https:\/\/rechtaufleben.org\/ral\/politische-gefangene-forough-taghipour-trotz-kritischem-gesundheitszustand-nicht-ins-krankenhaus-gebracht\/#respond\" class=\"post_meta_item post_meta_comments icon-group-6456\"><span class=\"post_meta_number\">0<\/span><span class=\"post_meta_label\">Comments<\/span><\/a> <a href=\"https:\/\/rechtaufleben.org\/ral\/politische-gefangene-forough-taghipour-trotz-kritischem-gesundheitszustand-nicht-ins-krankenhaus-gebracht\/#trx_addons_emotions\" class=\"post_meta_item post_meta_emotions trx_addons_icon-angellist\"><span class=\"post_meta_number\">0<\/span><span class=\"post_meta_label\">Reactions<\/span><\/a> <span class=\"post_meta_item post_share\"><div class=\"socials_share socials_size_tiny socials_type_drop socials_dir_horizontal\"><a href=\"#\" class=\"socials_caption\"><span class=\"socials_caption_label\">Share<\/span><\/a><span class=\"social_items\"><a class=\"social_item social_item_popup\" href=\"\/\/www.facebook.com\/sharer\/sharer.php?u=https%3A%2F%2Frechtaufleben.org%2Fral%2Fpolitische-gefangene-forough-taghipour-trotz-kritischem-gesundheitszustand-nicht-ins-krankenhaus-gebracht%2F\" data-link=\"\/\/www.facebook.com\/sharer\/sharer.php?u=https%3A%2F%2Frechtaufleben.org%2Fral%2Fpolitische-gefangene-forough-taghipour-trotz-kritischem-gesundheitszustand-nicht-ins-krankenhaus-gebracht%2F\" data-count=\"facebook\"><span class=\"social_icon social_icon_facebook sc_icon_type_icons\"><span class=\"trx_addons_icon-facebook\"><\/span><i>Facebook<\/i><\/span><\/a><a class=\"social_item social_item_popup\" href=\"\/\/twitter.com\/intent\/tweet?text=Politische+Gefangene%2C+Forough+Taghipour%2C+trotz+kritischem+Gesundheitszustand+nicht+ins+Krankenhaus+gebracht&#038;url=https%3A%2F%2Frechtaufleben.org%2Fral%2Fpolitische-gefangene-forough-taghipour-trotz-kritischem-gesundheitszustand-nicht-ins-krankenhaus-gebracht%2F\" data-link=\"\/\/twitter.com\/intent\/tweet?text=Politische Gefangene, Forough Taghipour, trotz kritischem Gesundheitszustand nicht ins Krankenhaus gebracht&amp;url=https%3A%2F%2Frechtaufleben.org%2Fral%2Fpolitische-gefangene-forough-taghipour-trotz-kritischem-gesundheitszustand-nicht-ins-krankenhaus-gebracht%2F\" data-count=\"twitter-1\"><span class=\"social_icon social_icon_twitter-1 sc_icon_type_icons\"><span class=\"icon-twitter-1\"><\/span><i>Twitter-1<\/i><\/span><\/a><a class=\"social_item social_item_popup\" href=\"http:\/\/pinterest.com\/pin\/create\/link\/?url=https%3A%2F%2Frechtaufleben.org%2Fral%2Fpolitische-gefangene-forough-taghipour-trotz-kritischem-gesundheitszustand-nicht-ins-krankenhaus-gebracht%2F\" data-link=\"http:\/\/pinterest.com\/pin\/create\/link\/?url=https%3A%2F%2Frechtaufleben.org%2Fral%2Fpolitische-gefangene-forough-taghipour-trotz-kritischem-gesundheitszustand-nicht-ins-krankenhaus-gebracht%2F\" data-count=\"pinterest-circled\"><span class=\"social_icon social_icon_pinterest-circled sc_icon_type_icons\"><span class=\"icon-pinterest-circled\"><\/span><i>Pinterest<\/i><\/span><\/a><\/span><\/div><\/span> \t\t<\/div><!-- .post_meta -->\n\t\t\t\t<\/div><!-- .post_header -->\n\t\t\t\t<div class=\"post_content entry-content\">\n\t\t\t<p><a class=\"more-link\" href=\"https:\/\/rechtaufleben.org\/ral\/politische-gefangene-forough-taghipour-trotz-kritischem-gesundheitszustand-nicht-ins-krankenhaus-gebracht\/\">Weiterlesen<\/a><\/p>\t\t<\/div><!-- .entry-content -->\n\t\t<\/article>\n\t\t<\/div>\n\t\t\t\t<div class=\"column-1_2\">\n\t\t<article id=\"post-415\" data-post-id=\"415\"\n\tclass=\"post_item post_layout_excerpt post_format_standard post-415 post type-post status-publish format-standard has-post-thumbnail hentry category-aktuelles category-frauen category-uncategorized post_emotion_main_sad post_emotion_sad\" data-animation=\"animated fadeInUpSmall normal\">\n\t<div class=\"post_featured with_thumb hover_icons\"><img loading=\"lazy\" decoding=\"async\" width=\"930\" height=\"523\" src=\"https:\/\/rechtaufleben.org\/ral\/wp-content\/uploads\/2022\/09\/Fan-Esteghbal-1-1-1-930x523.jpg\" class=\"attachment-humanum-thumb-big size-humanum-thumb-big wp-post-image\" alt=\"\" srcset=\"https:\/\/rechtaufleben.org\/ral\/wp-content\/uploads\/2022\/09\/Fan-Esteghbal-1-1-1-930x523.jpg 930w, https:\/\/rechtaufleben.org\/ral\/wp-content\/uploads\/2022\/09\/Fan-Esteghbal-1-1-1-370x208.jpg 370w, https:\/\/rechtaufleben.org\/ral\/wp-content\/uploads\/2022\/09\/Fan-Esteghbal-1-1-1-700x394.jpg 700w, https:\/\/rechtaufleben.org\/ral\/wp-content\/uploads\/2022\/09\/Fan-Esteghbal-1-1-1-270x152.jpg 270w\" sizes=\"(max-width: 930px) 100vw, 930px\" \/>\t\t\t\t\t\t<div class=\"mask\"><\/div>\n\t\t\t\t\t\t\t\t\t<div class=\"icons icons_custom\">\n\t\t\t\t<a href=\"https:\/\/rechtaufleben.org\/ral\/nur-500-sitzplatze-fur-weibliche-fans-des-esteghlal-teams\/\"  aria-hidden=\"true\">view<\/a>\n\t\t\t<\/div>\n\t\t\t<div class='post_header_categories'><div class=\"post_meta\">\n\t\t\t<span class=\"post_meta_item post_categories\"><a href=\"https:\/\/rechtaufleben.org\/ral\/category\/aktuelles\/\" rel=\"category tag\">Aktuelles<\/a> <a href=\"https:\/\/rechtaufleben.org\/ral\/category\/frauen\/\" rel=\"category tag\">Frauen<\/a> <a href=\"https:\/\/rechtaufleben.org\/ral\/category\/uncategorized\/\" rel=\"category tag\">Uncategorized<\/a><\/span> \t\t<\/div><!-- .post_meta --><\/div><\/div>\t\t<div class=\"post_header entry-header\">\n\t\t\t<h4 class=\"post_title entry-title\"><a href=\"https:\/\/rechtaufleben.org\/ral\/nur-500-sitzplatze-fur-weibliche-fans-des-esteghlal-teams\/\" rel=\"bookmark\">Nur 500 Sitzpl\u00e4tze f\u00fcr weibliche Fans des Esteghlal-Teams<\/a><\/h4>\t\t<div class=\"post_meta\">\n\t\t\t<a href=\"https:\/\/rechtaufleben.org\/ral\/nur-500-sitzplatze-fur-weibliche-fans-des-esteghlal-teams\/\" class=\"post_meta_item post_meta_views trx_addons_icon-eye\"><span class=\"post_meta_number\">57<\/span><span class=\"post_meta_label\">Views<\/span><\/a> <a href=\"https:\/\/rechtaufleben.org\/ral\/nur-500-sitzplatze-fur-weibliche-fans-des-esteghlal-teams\/#respond\" class=\"post_meta_item post_meta_comments icon-group-6456\"><span class=\"post_meta_number\">0<\/span><span class=\"post_meta_label\">Comments<\/span><\/a> <a href=\"https:\/\/rechtaufleben.org\/ral\/nur-500-sitzplatze-fur-weibliche-fans-des-esteghlal-teams\/#trx_addons_emotions\" class=\"post_meta_item post_meta_emotions trx_addons_icon-angellist\"><span class=\"post_meta_number\">1<\/span><span class=\"post_meta_label\">Reaction<\/span><\/a> <span class=\"post_meta_item post_share\"><div class=\"socials_share socials_size_tiny socials_type_drop socials_dir_horizontal\"><a href=\"#\" class=\"socials_caption\"><span class=\"socials_caption_label\">Share<\/span><\/a><span class=\"social_items\"><a class=\"social_item social_item_popup\" href=\"\/\/www.facebook.com\/sharer\/sharer.php?u=https%3A%2F%2Frechtaufleben.org%2Fral%2Fnur-500-sitzplatze-fur-weibliche-fans-des-esteghlal-teams%2F\" data-link=\"\/\/www.facebook.com\/sharer\/sharer.php?u=https%3A%2F%2Frechtaufleben.org%2Fral%2Fnur-500-sitzplatze-fur-weibliche-fans-des-esteghlal-teams%2F\" data-count=\"facebook\"><span class=\"social_icon social_icon_facebook sc_icon_type_icons\"><span class=\"trx_addons_icon-facebook\"><\/span><i>Facebook<\/i><\/span><\/a><a class=\"social_item social_item_popup\" href=\"\/\/twitter.com\/intent\/tweet?text=Nur+500+Sitzpl%C3%A4tze+f%C3%BCr+weibliche+Fans+des+Esteghlal-Teams&#038;url=https%3A%2F%2Frechtaufleben.org%2Fral%2Fnur-500-sitzplatze-fur-weibliche-fans-des-esteghlal-teams%2F\" data-link=\"\/\/twitter.com\/intent\/tweet?text=Nur 500 Sitzpl\u00e4tze f\u00fcr weibliche Fans des Esteghlal-Teams&amp;url=https%3A%2F%2Frechtaufleben.org%2Fral%2Fnur-500-sitzplatze-fur-weibliche-fans-des-esteghlal-teams%2F\" data-count=\"twitter-1\"><span class=\"social_icon social_icon_twitter-1 sc_icon_type_icons\"><span class=\"icon-twitter-1\"><\/span><i>Twitter-1<\/i><\/span><\/a><a class=\"social_item social_item_popup\" href=\"http:\/\/pinterest.com\/pin\/create\/link\/?url=https%3A%2F%2Frechtaufleben.org%2Fral%2Fnur-500-sitzplatze-fur-weibliche-fans-des-esteghlal-teams%2F\" data-link=\"http:\/\/pinterest.com\/pin\/create\/link\/?url=https%3A%2F%2Frechtaufleben.org%2Fral%2Fnur-500-sitzplatze-fur-weibliche-fans-des-esteghlal-teams%2F\" data-count=\"pinterest-circled\"><span class=\"social_icon social_icon_pinterest-circled sc_icon_type_icons\"><span class=\"icon-pinterest-circled\"><\/span><i>Pinterest<\/i><\/span><\/a><\/span><\/div><\/span> \t\t<\/div><!-- .post_meta -->\n\t\t\t\t<\/div><!-- .post_header -->\n\t\t\t\t<div class=\"post_content entry-content\">\n\t\t\t<p><a class=\"more-link\" href=\"https:\/\/rechtaufleben.org\/ral\/nur-500-sitzplatze-fur-weibliche-fans-des-esteghlal-teams\/\">Weiterlesen<\/a><\/p>\t\t<\/div><!-- .entry-content -->\n\t\t<\/article>\n\t\t<\/div>\n\t\t\t\t<div class=\"column-1_2\">\n\t\t<article id=\"post-418\" data-post-id=\"418\"\n\tclass=\"post_item post_layout_excerpt post_format_standard post-418 post type-post status-publish format-standard has-post-thumbnail hentry category-aktuelles category-frauen category-uncategorized\" data-animation=\"animated fadeInUpSmall normal\">\n\t<div class=\"post_featured with_thumb hover_icons\"><img loading=\"lazy\" decoding=\"async\" width=\"750\" height=\"375\" src=\"https:\/\/rechtaufleben.org\/ral\/wp-content\/uploads\/2022\/09\/Durst-nach-Freiheit-1-1-1.jpg\" class=\"attachment-humanum-thumb-big size-humanum-thumb-big wp-post-image\" alt=\"\" srcset=\"https:\/\/rechtaufleben.org\/ral\/wp-content\/uploads\/2022\/09\/Durst-nach-Freiheit-1-1-1.jpg 750w, https:\/\/rechtaufleben.org\/ral\/wp-content\/uploads\/2022\/09\/Durst-nach-Freiheit-1-1-1-300x150.jpg 300w, https:\/\/rechtaufleben.org\/ral\/wp-content\/uploads\/2022\/09\/Durst-nach-Freiheit-1-1-1-370x185.jpg 370w, https:\/\/rechtaufleben.org\/ral\/wp-content\/uploads\/2022\/09\/Durst-nach-Freiheit-1-1-1-700x350.jpg 700w\" sizes=\"(max-width: 750px) 100vw, 750px\" \/>\t\t\t\t\t\t<div class=\"mask\"><\/div>\n\t\t\t\t\t\t\t\t\t<div class=\"icons icons_custom\">\n\t\t\t\t<a href=\"https:\/\/rechtaufleben.org\/ral\/iranische-madchen-und-jugendliche-dursten-nach-freiheit-und-gleichheit\/\"  aria-hidden=\"true\">view<\/a>\n\t\t\t<\/div>\n\t\t\t<div class='post_header_categories'><div class=\"post_meta\">\n\t\t\t<span class=\"post_meta_item post_categories\"><a href=\"https:\/\/rechtaufleben.org\/ral\/category\/aktuelles\/\" rel=\"category tag\">Aktuelles<\/a> <a href=\"https:\/\/rechtaufleben.org\/ral\/category\/frauen\/\" rel=\"category tag\">Frauen<\/a> <a href=\"https:\/\/rechtaufleben.org\/ral\/category\/uncategorized\/\" rel=\"category tag\">Uncategorized<\/a><\/span> \t\t<\/div><!-- .post_meta --><\/div><\/div>\t\t<div class=\"post_header entry-header\">\n\t\t\t<h4 class=\"post_title entry-title\"><a href=\"https:\/\/rechtaufleben.org\/ral\/iranische-madchen-und-jugendliche-dursten-nach-freiheit-und-gleichheit\/\" rel=\"bookmark\">Iranische M\u00e4dchen und Jugendliche d\u00fcrsten nach Freiheit und Gleichheit<\/a><\/h4>\t\t<div class=\"post_meta\">\n\t\t\t<a href=\"https:\/\/rechtaufleben.org\/ral\/iranische-madchen-und-jugendliche-dursten-nach-freiheit-und-gleichheit\/\" class=\"post_meta_item post_meta_views trx_addons_icon-eye\"><span class=\"post_meta_number\">47<\/span><span class=\"post_meta_label\">Views<\/span><\/a> <a href=\"https:\/\/rechtaufleben.org\/ral\/iranische-madchen-und-jugendliche-dursten-nach-freiheit-und-gleichheit\/#respond\" class=\"post_meta_item post_meta_comments icon-group-6456\"><span class=\"post_meta_number\">0<\/span><span class=\"post_meta_label\">Comments<\/span><\/a> <a href=\"https:\/\/rechtaufleben.org\/ral\/iranische-madchen-und-jugendliche-dursten-nach-freiheit-und-gleichheit\/#trx_addons_emotions\" class=\"post_meta_item post_meta_emotions trx_addons_icon-angellist\"><span class=\"post_meta_number\">0<\/span><span class=\"post_meta_label\">Reactions<\/span><\/a> <span class=\"post_meta_item post_share\"><div class=\"socials_share socials_size_tiny socials_type_drop socials_dir_horizontal\"><a href=\"#\" class=\"socials_caption\"><span class=\"socials_caption_label\">Share<\/span><\/a><span class=\"social_items\"><a class=\"social_item social_item_popup\" href=\"\/\/www.facebook.com\/sharer\/sharer.php?u=https%3A%2F%2Frechtaufleben.org%2Fral%2Firanische-madchen-und-jugendliche-dursten-nach-freiheit-und-gleichheit%2F\" data-link=\"\/\/www.facebook.com\/sharer\/sharer.php?u=https%3A%2F%2Frechtaufleben.org%2Fral%2Firanische-madchen-und-jugendliche-dursten-nach-freiheit-und-gleichheit%2F\" data-count=\"facebook\"><span class=\"social_icon social_icon_facebook sc_icon_type_icons\"><span class=\"trx_addons_icon-facebook\"><\/span><i>Facebook<\/i><\/span><\/a><a class=\"social_item social_item_popup\" href=\"\/\/twitter.com\/intent\/tweet?text=Iranische+M%C3%A4dchen+und+Jugendliche+d%C3%BCrsten+nach+Freiheit+und+Gleichheit&#038;url=https%3A%2F%2Frechtaufleben.org%2Fral%2Firanische-madchen-und-jugendliche-dursten-nach-freiheit-und-gleichheit%2F\" data-link=\"\/\/twitter.com\/intent\/tweet?text=Iranische M\u00e4dchen und Jugendliche d\u00fcrsten nach Freiheit und Gleichheit&amp;url=https%3A%2F%2Frechtaufleben.org%2Fral%2Firanische-madchen-und-jugendliche-dursten-nach-freiheit-und-gleichheit%2F\" data-count=\"twitter-1\"><span class=\"social_icon social_icon_twitter-1 sc_icon_type_icons\"><span class=\"icon-twitter-1\"><\/span><i>Twitter-1<\/i><\/span><\/a><a class=\"social_item social_item_popup\" href=\"http:\/\/pinterest.com\/pin\/create\/link\/?url=https%3A%2F%2Frechtaufleben.org%2Fral%2Firanische-madchen-und-jugendliche-dursten-nach-freiheit-und-gleichheit%2F\" data-link=\"http:\/\/pinterest.com\/pin\/create\/link\/?url=https%3A%2F%2Frechtaufleben.org%2Fral%2Firanische-madchen-und-jugendliche-dursten-nach-freiheit-und-gleichheit%2F\" data-count=\"pinterest-circled\"><span class=\"social_icon social_icon_pinterest-circled sc_icon_type_icons\"><span class=\"icon-pinterest-circled\"><\/span><i>Pinterest<\/i><\/span><\/a><\/span><\/div><\/span> \t\t<\/div><!-- .post_meta -->\n\t\t\t\t<\/div><!-- .post_header -->\n\t\t\t\t<div class=\"post_content entry-content\">\n\t\t\t<p><a class=\"more-link\" href=\"https:\/\/rechtaufleben.org\/ral\/iranische-madchen-und-jugendliche-dursten-nach-freiheit-und-gleichheit\/\">Weiterlesen<\/a><\/p>\t\t<\/div><!-- .entry-content -->\n\t\t<\/article>\n\t\t<\/div>\n\t\t\t\t<div class=\"column-1_2\">\n\t\t<article id=\"post-421\" data-post-id=\"421\"\n\tclass=\"post_item post_layout_excerpt post_format_standard post-421 post type-post status-publish format-standard has-post-thumbnail hentry category-aktuelles category-frauen category-uncategorized\" data-animation=\"animated fadeInUpSmall normal\">\n\t<div class=\"post_featured with_thumb hover_icons\"><img loading=\"lazy\" decoding=\"async\" width=\"750\" height=\"375\" src=\"https:\/\/rechtaufleben.org\/ral\/wp-content\/uploads\/2022\/09\/Iran-trauriges-Land-1-1-1.jpg\" class=\"attachment-humanum-thumb-big size-humanum-thumb-big wp-post-image\" alt=\"\" srcset=\"https:\/\/rechtaufleben.org\/ral\/wp-content\/uploads\/2022\/09\/Iran-trauriges-Land-1-1-1.jpg 750w, https:\/\/rechtaufleben.org\/ral\/wp-content\/uploads\/2022\/09\/Iran-trauriges-Land-1-1-1-300x150.jpg 300w, https:\/\/rechtaufleben.org\/ral\/wp-content\/uploads\/2022\/09\/Iran-trauriges-Land-1-1-1-370x185.jpg 370w, https:\/\/rechtaufleben.org\/ral\/wp-content\/uploads\/2022\/09\/Iran-trauriges-Land-1-1-1-700x350.jpg 700w\" sizes=\"(max-width: 750px) 100vw, 750px\" \/>\t\t\t\t\t\t<div class=\"mask\"><\/div>\n\t\t\t\t\t\t\t\t\t<div class=\"icons icons_custom\">\n\t\t\t\t<a href=\"https:\/\/rechtaufleben.org\/ral\/iran-eines-der-zehn-traurigsten-lander-und-teheran-eine-der-unglucklichsten-stadte-der-welt\/\"  aria-hidden=\"true\">view<\/a>\n\t\t\t<\/div>\n\t\t\t<div class='post_header_categories'><div class=\"post_meta\">\n\t\t\t<span class=\"post_meta_item post_categories\"><a href=\"https:\/\/rechtaufleben.org\/ral\/category\/aktuelles\/\" rel=\"category tag\">Aktuelles<\/a> <a href=\"https:\/\/rechtaufleben.org\/ral\/category\/frauen\/\" rel=\"category tag\">Frauen<\/a> <a href=\"https:\/\/rechtaufleben.org\/ral\/category\/uncategorized\/\" rel=\"category tag\">Uncategorized<\/a><\/span> \t\t<\/div><!-- .post_meta --><\/div><\/div>\t\t<div class=\"post_header entry-header\">\n\t\t\t<h4 class=\"post_title entry-title\"><a href=\"https:\/\/rechtaufleben.org\/ral\/iran-eines-der-zehn-traurigsten-lander-und-teheran-eine-der-unglucklichsten-stadte-der-welt\/\" rel=\"bookmark\">Iran, eines der zehn traurigsten L\u00e4nder, und Teheran, eine der ungl\u00fccklichsten St\u00e4dte der Welt<\/a><\/h4>\t\t<div class=\"post_meta\">\n\t\t\t<a href=\"https:\/\/rechtaufleben.org\/ral\/iran-eines-der-zehn-traurigsten-lander-und-teheran-eine-der-unglucklichsten-stadte-der-welt\/\" class=\"post_meta_item post_meta_views trx_addons_icon-eye\"><span class=\"post_meta_number\">45<\/span><span class=\"post_meta_label\">Views<\/span><\/a> <a href=\"https:\/\/rechtaufleben.org\/ral\/iran-eines-der-zehn-traurigsten-lander-und-teheran-eine-der-unglucklichsten-stadte-der-welt\/#respond\" class=\"post_meta_item post_meta_comments icon-group-6456\"><span class=\"post_meta_number\">0<\/span><span class=\"post_meta_label\">Comments<\/span><\/a> <a href=\"https:\/\/rechtaufleben.org\/ral\/iran-eines-der-zehn-traurigsten-lander-und-teheran-eine-der-unglucklichsten-stadte-der-welt\/#trx_addons_emotions\" class=\"post_meta_item post_meta_emotions trx_addons_icon-angellist\"><span class=\"post_meta_number\">0<\/span><span class=\"post_meta_label\">Reactions<\/span><\/a> <span class=\"post_meta_item post_share\"><div class=\"socials_share socials_size_tiny socials_type_drop socials_dir_horizontal\"><a href=\"#\" class=\"socials_caption\"><span class=\"socials_caption_label\">Share<\/span><\/a><span class=\"social_items\"><a class=\"social_item social_item_popup\" href=\"\/\/www.facebook.com\/sharer\/sharer.php?u=https%3A%2F%2Frechtaufleben.org%2Fral%2Firan-eines-der-zehn-traurigsten-lander-und-teheran-eine-der-unglucklichsten-stadte-der-welt%2F\" data-link=\"\/\/www.facebook.com\/sharer\/sharer.php?u=https%3A%2F%2Frechtaufleben.org%2Fral%2Firan-eines-der-zehn-traurigsten-lander-und-teheran-eine-der-unglucklichsten-stadte-der-welt%2F\" data-count=\"facebook\"><span class=\"social_icon social_icon_facebook sc_icon_type_icons\"><span class=\"trx_addons_icon-facebook\"><\/span><i>Facebook<\/i><\/span><\/a><a class=\"social_item social_item_popup\" href=\"\/\/twitter.com\/intent\/tweet?text=Iran%2C+eines+der+zehn+traurigsten+L%C3%A4nder%2C+und+Teheran%2C+eine+der+ungl%C3%BCcklichsten+St%C3%A4dte+der+Welt&#038;url=https%3A%2F%2Frechtaufleben.org%2Fral%2Firan-eines-der-zehn-traurigsten-lander-und-teheran-eine-der-unglucklichsten-stadte-der-welt%2F\" data-link=\"\/\/twitter.com\/intent\/tweet?text=Iran, eines der zehn traurigsten L\u00e4nder, und Teheran, eine der ungl\u00fccklichsten St\u00e4dte der Welt&amp;url=https%3A%2F%2Frechtaufleben.org%2Fral%2Firan-eines-der-zehn-traurigsten-lander-und-teheran-eine-der-unglucklichsten-stadte-der-welt%2F\" data-count=\"twitter-1\"><span class=\"social_icon social_icon_twitter-1 sc_icon_type_icons\"><span class=\"icon-twitter-1\"><\/span><i>Twitter-1<\/i><\/span><\/a><a class=\"social_item social_item_popup\" href=\"http:\/\/pinterest.com\/pin\/create\/link\/?url=https%3A%2F%2Frechtaufleben.org%2Fral%2Firan-eines-der-zehn-traurigsten-lander-und-teheran-eine-der-unglucklichsten-stadte-der-welt%2F\" data-link=\"http:\/\/pinterest.com\/pin\/create\/link\/?url=https%3A%2F%2Frechtaufleben.org%2Fral%2Firan-eines-der-zehn-traurigsten-lander-und-teheran-eine-der-unglucklichsten-stadte-der-welt%2F\" data-count=\"pinterest-circled\"><span class=\"social_icon social_icon_pinterest-circled sc_icon_type_icons\"><span class=\"icon-pinterest-circled\"><\/span><i>Pinterest<\/i><\/span><\/a><\/span><\/div><\/span> \t\t<\/div><!-- .post_meta -->\n\t\t\t\t<\/div><!-- .post_header -->\n\t\t\t\t<div class=\"post_content entry-content\">\n\t\t\t<p><a class=\"more-link\" href=\"https:\/\/rechtaufleben.org\/ral\/iran-eines-der-zehn-traurigsten-lander-und-teheran-eine-der-unglucklichsten-stadte-der-welt\/\">Weiterlesen<\/a><\/p>\t\t<\/div><!-- .entry-content -->\n\t\t<\/article>\n\t\t<\/div>\n\t\t\t\t<div class=\"column-1_2\">\n\t\t<article id=\"post-424\" data-post-id=\"424\"\n\tclass=\"post_item post_layout_excerpt post_format_standard post-424 post type-post status-publish format-standard has-post-thumbnail hentry category-aktuelles category-frauen category-uncategorized\" data-animation=\"animated fadeInUpSmall normal\">\n\t<div class=\"post_featured with_thumb hover_icons\"><img loading=\"lazy\" decoding=\"async\" width=\"473\" height=\"292\" src=\"https:\/\/rechtaufleben.org\/ral\/wp-content\/uploads\/2022\/09\/Vernichtung-Talente-1-1-1.jpg\" class=\"attachment-humanum-thumb-big size-humanum-thumb-big wp-post-image\" alt=\"\" srcset=\"https:\/\/rechtaufleben.org\/ral\/wp-content\/uploads\/2022\/09\/Vernichtung-Talente-1-1-1.jpg 473w, https:\/\/rechtaufleben.org\/ral\/wp-content\/uploads\/2022\/09\/Vernichtung-Talente-1-1-1-300x185.jpg 300w, https:\/\/rechtaufleben.org\/ral\/wp-content\/uploads\/2022\/09\/Vernichtung-Talente-1-1-1-370x228.jpg 370w\" sizes=\"(max-width: 473px) 100vw, 473px\" \/>\t\t\t\t\t\t<div class=\"mask\"><\/div>\n\t\t\t\t\t\t\t\t\t<div class=\"icons icons_custom\">\n\t\t\t\t<a href=\"https:\/\/rechtaufleben.org\/ral\/vernichtung-der-talente-iranischer-madchen-und-jugendliche-talente-junge-wissenschaftler-und-die-elite-verlassen-das-land\/\"  aria-hidden=\"true\">view<\/a>\n\t\t\t<\/div>\n\t\t\t<div class='post_header_categories'><div class=\"post_meta\">\n\t\t\t<span class=\"post_meta_item post_categories\"><a href=\"https:\/\/rechtaufleben.org\/ral\/category\/aktuelles\/\" rel=\"category tag\">Aktuelles<\/a> <a href=\"https:\/\/rechtaufleben.org\/ral\/category\/frauen\/\" rel=\"category tag\">Frauen<\/a> <a href=\"https:\/\/rechtaufleben.org\/ral\/category\/uncategorized\/\" rel=\"category tag\">Uncategorized<\/a><\/span> \t\t<\/div><!-- .post_meta --><\/div><\/div>\t\t<div class=\"post_header entry-header\">\n\t\t\t<h4 class=\"post_title entry-title\"><a href=\"https:\/\/rechtaufleben.org\/ral\/vernichtung-der-talente-iranischer-madchen-und-jugendliche-talente-junge-wissenschaftler-und-die-elite-verlassen-das-land\/\" rel=\"bookmark\">Vernichtung der Talente iranischer M\u00e4dchen und Jugendliche; Talente, junge Wissenschaftler und die Elite verlassen das Land<\/a><\/h4>\t\t<div class=\"post_meta\">\n\t\t\t<a href=\"https:\/\/rechtaufleben.org\/ral\/vernichtung-der-talente-iranischer-madchen-und-jugendliche-talente-junge-wissenschaftler-und-die-elite-verlassen-das-land\/\" class=\"post_meta_item post_meta_views trx_addons_icon-eye\"><span class=\"post_meta_number\">41<\/span><span class=\"post_meta_label\">Views<\/span><\/a> <a href=\"https:\/\/rechtaufleben.org\/ral\/vernichtung-der-talente-iranischer-madchen-und-jugendliche-talente-junge-wissenschaftler-und-die-elite-verlassen-das-land\/#respond\" class=\"post_meta_item post_meta_comments icon-group-6456\"><span class=\"post_meta_number\">0<\/span><span class=\"post_meta_label\">Comments<\/span><\/a> <a href=\"https:\/\/rechtaufleben.org\/ral\/vernichtung-der-talente-iranischer-madchen-und-jugendliche-talente-junge-wissenschaftler-und-die-elite-verlassen-das-land\/#trx_addons_emotions\" class=\"post_meta_item post_meta_emotions trx_addons_icon-angellist\"><span class=\"post_meta_number\">0<\/span><span class=\"post_meta_label\">Reactions<\/span><\/a> <span class=\"post_meta_item post_share\"><div class=\"socials_share socials_size_tiny socials_type_drop socials_dir_horizontal\"><a href=\"#\" class=\"socials_caption\"><span class=\"socials_caption_label\">Share<\/span><\/a><span class=\"social_items\"><a class=\"social_item social_item_popup\" href=\"\/\/www.facebook.com\/sharer\/sharer.php?u=https%3A%2F%2Frechtaufleben.org%2Fral%2Fvernichtung-der-talente-iranischer-madchen-und-jugendliche-talente-junge-wissenschaftler-und-die-elite-verlassen-das-land%2F\" data-link=\"\/\/www.facebook.com\/sharer\/sharer.php?u=https%3A%2F%2Frechtaufleben.org%2Fral%2Fvernichtung-der-talente-iranischer-madchen-und-jugendliche-talente-junge-wissenschaftler-und-die-elite-verlassen-das-land%2F\" data-count=\"facebook\"><span class=\"social_icon social_icon_facebook sc_icon_type_icons\"><span class=\"trx_addons_icon-facebook\"><\/span><i>Facebook<\/i><\/span><\/a><a class=\"social_item social_item_popup\" href=\"\/\/twitter.com\/intent\/tweet?text=Vernichtung+der+Talente+iranischer+M%C3%A4dchen+und+Jugendliche%3B+Talente%2C+junge+Wissenschaftler+und+die+Elite+verlassen+das+Land&#038;url=https%3A%2F%2Frechtaufleben.org%2Fral%2Fvernichtung-der-talente-iranischer-madchen-und-jugendliche-talente-junge-wissenschaftler-und-die-elite-verlassen-das-land%2F\" data-link=\"\/\/twitter.com\/intent\/tweet?text=Vernichtung der Talente iranischer M\u00e4dchen und Jugendliche; Talente, junge Wissenschaftler und die Elite verlassen das Land&amp;url=https%3A%2F%2Frechtaufleben.org%2Fral%2Fvernichtung-der-talente-iranischer-madchen-und-jugendliche-talente-junge-wissenschaftler-und-die-elite-verlassen-das-land%2F\" data-count=\"twitter-1\"><span class=\"social_icon social_icon_twitter-1 sc_icon_type_icons\"><span class=\"icon-twitter-1\"><\/span><i>Twitter-1<\/i><\/span><\/a><a class=\"social_item social_item_popup\" href=\"http:\/\/pinterest.com\/pin\/create\/link\/?url=https%3A%2F%2Frechtaufleben.org%2Fral%2Fvernichtung-der-talente-iranischer-madchen-und-jugendliche-talente-junge-wissenschaftler-und-die-elite-verlassen-das-land%2F\" data-link=\"http:\/\/pinterest.com\/pin\/create\/link\/?url=https%3A%2F%2Frechtaufleben.org%2Fral%2Fvernichtung-der-talente-iranischer-madchen-und-jugendliche-talente-junge-wissenschaftler-und-die-elite-verlassen-das-land%2F\" data-count=\"pinterest-circled\"><span class=\"social_icon social_icon_pinterest-circled sc_icon_type_icons\"><span class=\"icon-pinterest-circled\"><\/span><i>Pinterest<\/i><\/span><\/a><\/span><\/div><\/span> \t\t<\/div><!-- .post_meta -->\n\t\t\t\t<\/div><!-- .post_header -->\n\t\t\t\t<div class=\"post_content entry-content\">\n\t\t\t<p><a class=\"more-link\" href=\"https:\/\/rechtaufleben.org\/ral\/vernichtung-der-talente-iranischer-madchen-und-jugendliche-talente-junge-wissenschaftler-und-die-elite-verlassen-das-land\/\">Weiterlesen<\/a><\/p>\t\t<\/div><!-- .entry-content -->\n\t\t<\/article>\n\t\t<\/div>\n\t\t\t\t<div class=\"column-1_2\">\n\t\t<article id=\"post-426\" data-post-id=\"426\"\n\tclass=\"post_item post_layout_excerpt post_format_standard post-426 post type-post status-publish format-standard hentry category-aktuelles category-frauen category-uncategorized\" data-animation=\"animated fadeInUpSmall normal\">\n\t\t\t<div class=\"post_header entry-header\">\n\t\t\t<h4 class=\"post_title entry-title\"><a href=\"https:\/\/rechtaufleben.org\/ral\/hijab-ein-werkzeug-zur-kontinuierlichen-unterdruckung-iranischer-madchen-und-frauen\/\" rel=\"bookmark\">Hijab, ein Werkzeug zur kontinuierlichen Unterdr\u00fcckung iranischer M\u00e4dchen und Frauen<\/a><\/h4>\t\t<div class=\"post_meta\">\n\t\t\t<span class=\"post_meta_item post_categories\"><a href=\"https:\/\/rechtaufleben.org\/ral\/category\/aktuelles\/\" rel=\"category tag\">Aktuelles<\/a> <a href=\"https:\/\/rechtaufleben.org\/ral\/category\/frauen\/\" rel=\"category tag\">Frauen<\/a> <a href=\"https:\/\/rechtaufleben.org\/ral\/category\/uncategorized\/\" rel=\"category tag\">Uncategorized<\/a><\/span> <a href=\"https:\/\/rechtaufleben.org\/ral\/hijab-ein-werkzeug-zur-kontinuierlichen-unterdruckung-iranischer-madchen-und-frauen\/\" class=\"post_meta_item post_meta_views trx_addons_icon-eye\"><span class=\"post_meta_number\">126<\/span><span class=\"post_meta_label\">Views<\/span><\/a> <a href=\"https:\/\/rechtaufleben.org\/ral\/hijab-ein-werkzeug-zur-kontinuierlichen-unterdruckung-iranischer-madchen-und-frauen\/#respond\" class=\"post_meta_item post_meta_comments icon-group-6456\"><span class=\"post_meta_number\">0<\/span><span class=\"post_meta_label\">Comments<\/span><\/a> <a href=\"https:\/\/rechtaufleben.org\/ral\/hijab-ein-werkzeug-zur-kontinuierlichen-unterdruckung-iranischer-madchen-und-frauen\/#trx_addons_emotions\" class=\"post_meta_item post_meta_emotions trx_addons_icon-angellist\"><span class=\"post_meta_number\">0<\/span><span class=\"post_meta_label\">Reactions<\/span><\/a> <span class=\"post_meta_item post_share\"><div class=\"socials_share socials_size_tiny socials_type_drop socials_dir_horizontal\"><a href=\"#\" class=\"socials_caption\"><span class=\"socials_caption_label\">Share<\/span><\/a><span class=\"social_items\"><a class=\"social_item social_item_popup\" href=\"\/\/www.facebook.com\/sharer\/sharer.php?u=https%3A%2F%2Frechtaufleben.org%2Fral%2Fhijab-ein-werkzeug-zur-kontinuierlichen-unterdruckung-iranischer-madchen-und-frauen%2F\" data-link=\"\/\/www.facebook.com\/sharer\/sharer.php?u=https%3A%2F%2Frechtaufleben.org%2Fral%2Fhijab-ein-werkzeug-zur-kontinuierlichen-unterdruckung-iranischer-madchen-und-frauen%2F\" data-count=\"facebook\"><span class=\"social_icon social_icon_facebook sc_icon_type_icons\"><span class=\"trx_addons_icon-facebook\"><\/span><i>Facebook<\/i><\/span><\/a><a class=\"social_item social_item_popup\" href=\"\/\/twitter.com\/intent\/tweet?text=Hijab%2C+ein+Werkzeug+zur+kontinuierlichen+Unterdr%C3%BCckung+iranischer+M%C3%A4dchen+und+Frauen&#038;url=https%3A%2F%2Frechtaufleben.org%2Fral%2Fhijab-ein-werkzeug-zur-kontinuierlichen-unterdruckung-iranischer-madchen-und-frauen%2F\" data-link=\"\/\/twitter.com\/intent\/tweet?text=Hijab, ein Werkzeug zur kontinuierlichen Unterdr\u00fcckung iranischer M\u00e4dchen und Frauen&amp;url=https%3A%2F%2Frechtaufleben.org%2Fral%2Fhijab-ein-werkzeug-zur-kontinuierlichen-unterdruckung-iranischer-madchen-und-frauen%2F\" data-count=\"twitter-1\"><span class=\"social_icon social_icon_twitter-1 sc_icon_type_icons\"><span class=\"icon-twitter-1\"><\/span><i>Twitter-1<\/i><\/span><\/a><a class=\"social_item social_item_popup\" href=\"http:\/\/pinterest.com\/pin\/create\/link\/?url=https%3A%2F%2Frechtaufleben.org%2Fral%2Fhijab-ein-werkzeug-zur-kontinuierlichen-unterdruckung-iranischer-madchen-und-frauen%2F\" data-link=\"http:\/\/pinterest.com\/pin\/create\/link\/?url=https%3A%2F%2Frechtaufleben.org%2Fral%2Fhijab-ein-werkzeug-zur-kontinuierlichen-unterdruckung-iranischer-madchen-und-frauen%2F\" data-count=\"pinterest-circled\"><span class=\"social_icon social_icon_pinterest-circled sc_icon_type_icons\"><span class=\"icon-pinterest-circled\"><\/span><i>Pinterest<\/i><\/span><\/a><\/span><\/div><\/span> \t\t<\/div><!-- .post_meta -->\n\t\t\t\t<\/div><!-- .post_header -->\n\t\t\t\t<div class=\"post_content entry-content\">\n\t\t\t<div class=\"post_content_inner\">Am Vorabend des ersten Jahres seiner Regierung ordnete Raisi die erneute Umsetzung der \u201eStrategien zur F\u00f6rderung der Keuschheitskultur\u201c. Damit m\u00f6chte er erneut das Instrument der Repression unter dem Vorwand der Verschleierung gegen iranische M\u00e4dchen und Frauen anwenden. \n\n\n\nEs wurden Keuschheits- und Hijab-Basislager gebildet. Aber dieses Mal ordnete er zus\u00e4tzlich zu den Repressionspatrouillen auch den Abteilungsleitern&hellip;<\/div><p><a class=\"more-link\" href=\"https:\/\/rechtaufleben.org\/ral\/hijab-ein-werkzeug-zur-kontinuierlichen-unterdruckung-iranischer-madchen-und-frauen\/\">Weiterlesen<\/a><\/p>\t\t<\/div><!-- .entry-content -->\n\t\t<\/article>\n\t\t<\/div>\n\t\t\t\t<div class=\"column-1_2\">\n\t\t<article id=\"post-431\" data-post-id=\"431\"\n\tclass=\"post_item post_layout_excerpt post_format_standard post-431 post type-post status-publish format-standard has-post-thumbnail hentry category-aktuelles category-frauen category-uncategorized\" data-animation=\"animated fadeInUpSmall normal\">\n\t<div class=\"post_featured with_thumb hover_icons\"><img loading=\"lazy\" decoding=\"async\" width=\"480\" height=\"377\" src=\"https:\/\/rechtaufleben.org\/ral\/wp-content\/uploads\/2022\/09\/Zukunftslosigkeit-der-Jugend-1-1-1.jpg\" class=\"attachment-humanum-thumb-big size-humanum-thumb-big wp-post-image\" alt=\"\" srcset=\"https:\/\/rechtaufleben.org\/ral\/wp-content\/uploads\/2022\/09\/Zukunftslosigkeit-der-Jugend-1-1-1.jpg 480w, https:\/\/rechtaufleben.org\/ral\/wp-content\/uploads\/2022\/09\/Zukunftslosigkeit-der-Jugend-1-1-1-300x236.jpg 300w, https:\/\/rechtaufleben.org\/ral\/wp-content\/uploads\/2022\/09\/Zukunftslosigkeit-der-Jugend-1-1-1-370x291.jpg 370w\" sizes=\"(max-width: 480px) 100vw, 480px\" \/>\t\t\t\t\t\t<div class=\"mask\"><\/div>\n\t\t\t\t\t\t\t\t\t<div class=\"icons icons_custom\">\n\t\t\t\t<a href=\"https:\/\/rechtaufleben.org\/ral\/arbeitslosigkeit-zukunftslosigkeit-und-zunehmende-selbstmorde-unter-iranischen-madchen-und-jugendlichen\/\"  aria-hidden=\"true\">view<\/a>\n\t\t\t<\/div>\n\t\t\t<div class='post_header_categories'><div class=\"post_meta\">\n\t\t\t<span class=\"post_meta_item post_categories\"><a href=\"https:\/\/rechtaufleben.org\/ral\/category\/aktuelles\/\" rel=\"category tag\">Aktuelles<\/a> <a href=\"https:\/\/rechtaufleben.org\/ral\/category\/frauen\/\" rel=\"category tag\">Frauen<\/a> <a href=\"https:\/\/rechtaufleben.org\/ral\/category\/uncategorized\/\" rel=\"category tag\">Uncategorized<\/a><\/span> \t\t<\/div><!-- .post_meta --><\/div><\/div>\t\t<div class=\"post_header entry-header\">\n\t\t\t<h4 class=\"post_title entry-title\"><a href=\"https:\/\/rechtaufleben.org\/ral\/arbeitslosigkeit-zukunftslosigkeit-und-zunehmende-selbstmorde-unter-iranischen-madchen-und-jugendlichen\/\" rel=\"bookmark\">Arbeitslosigkeit, Zukunftslosigkeit und zunehmende Selbstmorde unter iranischen M\u00e4dchen und Jugendlichen<\/a><\/h4>\t\t<div class=\"post_meta\">\n\t\t\t<a href=\"https:\/\/rechtaufleben.org\/ral\/arbeitslosigkeit-zukunftslosigkeit-und-zunehmende-selbstmorde-unter-iranischen-madchen-und-jugendlichen\/\" class=\"post_meta_item post_meta_views trx_addons_icon-eye\"><span class=\"post_meta_number\">47<\/span><span class=\"post_meta_label\">Views<\/span><\/a> <a href=\"https:\/\/rechtaufleben.org\/ral\/arbeitslosigkeit-zukunftslosigkeit-und-zunehmende-selbstmorde-unter-iranischen-madchen-und-jugendlichen\/#respond\" class=\"post_meta_item post_meta_comments icon-group-6456\"><span class=\"post_meta_number\">0<\/span><span class=\"post_meta_label\">Comments<\/span><\/a> <a href=\"https:\/\/rechtaufleben.org\/ral\/arbeitslosigkeit-zukunftslosigkeit-und-zunehmende-selbstmorde-unter-iranischen-madchen-und-jugendlichen\/#trx_addons_emotions\" class=\"post_meta_item post_meta_emotions trx_addons_icon-angellist\"><span class=\"post_meta_number\">0<\/span><span class=\"post_meta_label\">Reactions<\/span><\/a> <span class=\"post_meta_item post_share\"><div class=\"socials_share socials_size_tiny socials_type_drop socials_dir_horizontal\"><a href=\"#\" class=\"socials_caption\"><span class=\"socials_caption_label\">Share<\/span><\/a><span class=\"social_items\"><a class=\"social_item social_item_popup\" href=\"\/\/www.facebook.com\/sharer\/sharer.php?u=https%3A%2F%2Frechtaufleben.org%2Fral%2Farbeitslosigkeit-zukunftslosigkeit-und-zunehmende-selbstmorde-unter-iranischen-madchen-und-jugendlichen%2F\" data-link=\"\/\/www.facebook.com\/sharer\/sharer.php?u=https%3A%2F%2Frechtaufleben.org%2Fral%2Farbeitslosigkeit-zukunftslosigkeit-und-zunehmende-selbstmorde-unter-iranischen-madchen-und-jugendlichen%2F\" data-count=\"facebook\"><span class=\"social_icon social_icon_facebook sc_icon_type_icons\"><span class=\"trx_addons_icon-facebook\"><\/span><i>Facebook<\/i><\/span><\/a><a class=\"social_item social_item_popup\" href=\"\/\/twitter.com\/intent\/tweet?text=Arbeitslosigkeit%2C+Zukunftslosigkeit+und+zunehmende+Selbstmorde+unter+iranischen+M%C3%A4dchen+und+Jugendlichen&#038;url=https%3A%2F%2Frechtaufleben.org%2Fral%2Farbeitslosigkeit-zukunftslosigkeit-und-zunehmende-selbstmorde-unter-iranischen-madchen-und-jugendlichen%2F\" data-link=\"\/\/twitter.com\/intent\/tweet?text=Arbeitslosigkeit, Zukunftslosigkeit und zunehmende Selbstmorde unter iranischen M\u00e4dchen und Jugendlichen&amp;url=https%3A%2F%2Frechtaufleben.org%2Fral%2Farbeitslosigkeit-zukunftslosigkeit-und-zunehmende-selbstmorde-unter-iranischen-madchen-und-jugendlichen%2F\" data-count=\"twitter-1\"><span class=\"social_icon social_icon_twitter-1 sc_icon_type_icons\"><span class=\"icon-twitter-1\"><\/span><i>Twitter-1<\/i><\/span><\/a><a class=\"social_item social_item_popup\" href=\"http:\/\/pinterest.com\/pin\/create\/link\/?url=https%3A%2F%2Frechtaufleben.org%2Fral%2Farbeitslosigkeit-zukunftslosigkeit-und-zunehmende-selbstmorde-unter-iranischen-madchen-und-jugendlichen%2F\" data-link=\"http:\/\/pinterest.com\/pin\/create\/link\/?url=https%3A%2F%2Frechtaufleben.org%2Fral%2Farbeitslosigkeit-zukunftslosigkeit-und-zunehmende-selbstmorde-unter-iranischen-madchen-und-jugendlichen%2F\" data-count=\"pinterest-circled\"><span class=\"social_icon social_icon_pinterest-circled sc_icon_type_icons\"><span class=\"icon-pinterest-circled\"><\/span><i>Pinterest<\/i><\/span><\/a><\/span><\/div><\/span> \t\t<\/div><!-- .post_meta -->\n\t\t\t\t<\/div><!-- .post_header -->\n\t\t\t\t<div class=\"post_content entry-content\">\n\t\t\t<p><a class=\"more-link\" href=\"https:\/\/rechtaufleben.org\/ral\/arbeitslosigkeit-zukunftslosigkeit-und-zunehmende-selbstmorde-unter-iranischen-madchen-und-jugendlichen\/\">Weiterlesen<\/a><\/p>\t\t<\/div><!-- .entry-content -->\n\t\t<\/article>\n\t\t<\/div>\n\t\t\t\t<div class=\"column-1_2\">\n\t\t<article id=\"post-437\" data-post-id=\"437\"\n\tclass=\"post_item post_layout_excerpt post_format_standard post-437 post type-post status-publish format-standard hentry category-aktuelles category-frauen category-uncategorized\" data-animation=\"animated fadeInUpSmall normal\">\n\t\t\t<div class=\"post_header entry-header\">\n\t\t\t<h4 class=\"post_title entry-title\"><a href=\"https:\/\/rechtaufleben.org\/ral\/handel-mit-iranischen-madchen\/\" rel=\"bookmark\">Handel mit iranischen M\u00e4dchen<\/a><\/h4>\t\t<div class=\"post_meta\">\n\t\t\t<span class=\"post_meta_item post_categories\"><a href=\"https:\/\/rechtaufleben.org\/ral\/category\/aktuelles\/\" rel=\"category tag\">Aktuelles<\/a> <a href=\"https:\/\/rechtaufleben.org\/ral\/category\/frauen\/\" rel=\"category tag\">Frauen<\/a> <a href=\"https:\/\/rechtaufleben.org\/ral\/category\/uncategorized\/\" rel=\"category tag\">Uncategorized<\/a><\/span> <a href=\"https:\/\/rechtaufleben.org\/ral\/handel-mit-iranischen-madchen\/\" class=\"post_meta_item post_meta_views trx_addons_icon-eye\"><span class=\"post_meta_number\">111<\/span><span class=\"post_meta_label\">Views<\/span><\/a> <a href=\"https:\/\/rechtaufleben.org\/ral\/handel-mit-iranischen-madchen\/#respond\" class=\"post_meta_item post_meta_comments icon-group-6456\"><span class=\"post_meta_number\">0<\/span><span class=\"post_meta_label\">Comments<\/span><\/a> <a href=\"https:\/\/rechtaufleben.org\/ral\/handel-mit-iranischen-madchen\/#trx_addons_emotions\" class=\"post_meta_item post_meta_emotions trx_addons_icon-angellist\"><span class=\"post_meta_number\">0<\/span><span class=\"post_meta_label\">Reactions<\/span><\/a> <span class=\"post_meta_item post_share\"><div class=\"socials_share socials_size_tiny socials_type_drop socials_dir_horizontal\"><a href=\"#\" class=\"socials_caption\"><span class=\"socials_caption_label\">Share<\/span><\/a><span class=\"social_items\"><a class=\"social_item social_item_popup\" href=\"\/\/www.facebook.com\/sharer\/sharer.php?u=https%3A%2F%2Frechtaufleben.org%2Fral%2Fhandel-mit-iranischen-madchen%2F\" data-link=\"\/\/www.facebook.com\/sharer\/sharer.php?u=https%3A%2F%2Frechtaufleben.org%2Fral%2Fhandel-mit-iranischen-madchen%2F\" data-count=\"facebook\"><span class=\"social_icon social_icon_facebook sc_icon_type_icons\"><span class=\"trx_addons_icon-facebook\"><\/span><i>Facebook<\/i><\/span><\/a><a class=\"social_item social_item_popup\" href=\"\/\/twitter.com\/intent\/tweet?text=Handel+mit+iranischen+M%C3%A4dchen&#038;url=https%3A%2F%2Frechtaufleben.org%2Fral%2Fhandel-mit-iranischen-madchen%2F\" data-link=\"\/\/twitter.com\/intent\/tweet?text=Handel mit iranischen M\u00e4dchen&amp;url=https%3A%2F%2Frechtaufleben.org%2Fral%2Fhandel-mit-iranischen-madchen%2F\" data-count=\"twitter-1\"><span class=\"social_icon social_icon_twitter-1 sc_icon_type_icons\"><span class=\"icon-twitter-1\"><\/span><i>Twitter-1<\/i><\/span><\/a><a class=\"social_item social_item_popup\" href=\"http:\/\/pinterest.com\/pin\/create\/link\/?url=https%3A%2F%2Frechtaufleben.org%2Fral%2Fhandel-mit-iranischen-madchen%2F\" data-link=\"http:\/\/pinterest.com\/pin\/create\/link\/?url=https%3A%2F%2Frechtaufleben.org%2Fral%2Fhandel-mit-iranischen-madchen%2F\" data-count=\"pinterest-circled\"><span class=\"social_icon social_icon_pinterest-circled sc_icon_type_icons\"><span class=\"icon-pinterest-circled\"><\/span><i>Pinterest<\/i><\/span><\/a><\/span><\/div><\/span> \t\t<\/div><!-- .post_meta -->\n\t\t\t\t<\/div><!-- .post_header -->\n\t\t\t\t<div class=\"post_content entry-content\">\n\t\t\t<div class=\"post_content_inner\">Iranische M\u00e4dchen im Teenageralter werden nicht nur vieler Rechte beraubt und in allen Lebensbereichen diskriminiert, sondern sie sind auch Opfer des Ph\u00e4nomens des Menschenhandels. Das Alter der gehandelten iranischen M\u00e4dchen liegt unter 14 Jahren. Menschenhandel im Iran findet auf dem Land-, Luft- und Seeweg statt. Der Iran hat die \u00f6stlichen und europ\u00e4ischen L\u00e4nder im Bereich&hellip;<\/div><p><a class=\"more-link\" href=\"https:\/\/rechtaufleben.org\/ral\/handel-mit-iranischen-madchen\/\">Weiterlesen<\/a><\/p>\t\t<\/div><!-- .entry-content -->\n\t\t<\/article>\n\t\t<\/div>\n\t\t<\/div><nav class=\"sc_blogger_pagination sc_item_pagination sc_item_pagination_pages navigation pagination  sc_align_none\" data-params=\"a:104:{s:4:&quot;type&quot;;s:7:&quot;excerpt&quot;;s:9:&quot;post_type&quot;;s:4:&quot;post&quot;;s:8:&quot;taxonomy&quot;;s:8:&quot;category&quot;;s:12:&quot;show_filters&quot;;s:0:&quot;&quot;;s:13:&quot;filters_title&quot;;s:0:&quot;&quot;;s:16:&quot;filters_subtitle&quot;;s:0:&quot;&quot;;s:19:&quot;filters_title_align&quot;;s:4:&quot;left&quot;;s:16:&quot;filters_taxonomy&quot;;s:8:&quot;category&quot;;s:14:&quot;filters_active&quot;;s:0:&quot;&quot;;s:11:&quot;filters_ids&quot;;a:0:{}s:11:&quot;filters_all&quot;;s:1:&quot;1&quot;;s:16:&quot;filters_all_text&quot;;s:0:&quot;&quot;;s:17:&quot;filters_more_text&quot;;s:10:&quot;More posts&quot;;s:10:&quot;meta_parts&quot;;a:6:{i:0;s:10:&quot;categories&quot;;i:1;s:5:&quot;views&quot;;i:2;s:8:&quot;comments&quot;;i:3;s:5:&quot;likes&quot;;i:4;s:5:&quot;share&quot;;i:5;s:6:&quot;rating&quot;;}s:14:&quot;image_position&quot;;s:3:&quot;top&quot;;s:11:&quot;image_width&quot;;s:2:&quot;40&quot;;s:11:&quot;image_ratio&quot;;s:4:&quot;none&quot;;s:11:&quot;date_format&quot;;s:0:&quot;&quot;;s:14:&quot;excerpt_length&quot;;s:0:&quot;&quot;;s:10:&quot;text_align&quot;;s:4:&quot;none&quot;;s:8:&quot;on_plate&quot;;s:0:&quot;&quot;;s:12:&quot;hide_excerpt&quot;;s:0:&quot;&quot;;s:8:&quot;no_links&quot;;s:0:&quot;&quot;;s:9:&quot;full_post&quot;;s:0:&quot;&quot;;s:14:&quot;video_in_popup&quot;;s:0:&quot;&quot;;s:7:&quot;numbers&quot;;s:0:&quot;&quot;;s:9:&quot;more_text&quot;;s:11:&quot;Weiterlesen&quot;;s:10:&quot;pagination&quot;;s:5:&quot;pages&quot;;s:4:&quot;page&quot;;i:1;s:2:&quot;id&quot;;s:25:&quot;trx_sc_blogger_1905038319&quot;;s:5:&quot;class&quot;;s:0:&quot;&quot;;s:9:&quot;className&quot;;s:0:&quot;&quot;;s:3:&quot;css&quot;;s:0:&quot;&quot;;s:5:&quot;title&quot;;s:0:&quot;&quot;;s:11:&quot;title_align&quot;;s:4:&quot;none&quot;;s:13:&quot;text_position&quot;;s:10:&quot;horizontal&quot;;s:11:&quot;title_style&quot;;s:7:&quot;default&quot;;s:9:&quot;title_tag&quot;;s:4:&quot;none&quot;;s:11:&quot;title_color&quot;;s:0:&quot;&quot;;s:12:&quot;title_color2&quot;;s:0:&quot;&quot;;s:18:&quot;gradient_direction&quot;;s:1:&quot;0&quot;;s:8:&quot;subtitle&quot;;s:0:&quot;&quot;;s:14:&quot;subtitle_align&quot;;s:4:&quot;none&quot;;s:17:&quot;subtitle_position&quot;;s:5:&quot;above&quot;;s:11:&quot;description&quot;;s:0:&quot;&quot;;s:4:&quot;link&quot;;s:0:&quot;&quot;;s:10:&quot;link_style&quot;;s:7:&quot;default&quot;;s:10:&quot;link_image&quot;;s:0:&quot;&quot;;s:9:&quot;link_text&quot;;s:0:&quot;&quot;;s:10:&quot;new_window&quot;;i:0;s:5:&quot;typed&quot;;s:0:&quot;&quot;;s:13:&quot;typed_strings&quot;;s:0:&quot;&quot;;s:10:&quot;typed_loop&quot;;s:1:&quot;1&quot;;s:12:&quot;typed_cursor&quot;;s:1:&quot;1&quot;;s:17:&quot;typed_cursor_char&quot;;s:1:&quot;|&quot;;s:11:&quot;typed_color&quot;;s:0:&quot;&quot;;s:11:&quot;typed_speed&quot;;s:1:&quot;6&quot;;s:11:&quot;typed_delay&quot;;s:1:&quot;1&quot;;s:6:&quot;slider&quot;;b:0;s:17:&quot;slider_pagination&quot;;s:4:&quot;none&quot;;s:22:&quot;slider_pagination_type&quot;;s:7:&quot;bullets&quot;;s:24:&quot;slider_pagination_thumbs&quot;;i:0;s:15:&quot;slider_controls&quot;;s:4:&quot;none&quot;;s:12:&quot;slides_space&quot;;i:0;s:15:&quot;slides_centered&quot;;s:0:&quot;&quot;;s:15:&quot;slides_overflow&quot;;s:0:&quot;&quot;;s:18:&quot;slider_mouse_wheel&quot;;s:0:&quot;&quot;;s:15:&quot;slider_autoplay&quot;;s:1:&quot;1&quot;;s:3:&quot;cat&quot;;s:2:&quot;65&quot;;s:7:&quot;columns&quot;;i:2;s:14:&quot;columns_tablet&quot;;s:0:&quot;&quot;;s:14:&quot;columns_mobile&quot;;s:0:&quot;&quot;;s:5:&quot;count&quot;;i:20;s:6:&quot;offset&quot;;i:0;s:7:&quot;orderby&quot;;s:4:&quot;none&quot;;s:5:&quot;order&quot;;s:3:&quot;asc&quot;;s:3:&quot;ids&quot;;s:0:&quot;&quot;;s:16:&quot;template_default&quot;;s:7:&quot;classic&quot;;s:13:&quot;template_wide&quot;;s:7:&quot;default&quot;;s:16:&quot;template_excerpt&quot;;s:7:&quot;default&quot;;s:14:&quot;template_plain&quot;;s:0:&quot;&quot;;s:16:&quot;template_classic&quot;;s:0:&quot;&quot;;s:16:&quot;template_masonry&quot;;s:0:&quot;&quot;;s:18:&quot;template_portfolio&quot;;s:0:&quot;&quot;;s:16:&quot;template_gallery&quot;;s:0:&quot;&quot;;s:14:&quot;template_chess&quot;;s:0:&quot;&quot;;s:11:&quot;count_extra&quot;;a:3:{s:4:&quot;unit&quot;;s:2:&quot;px&quot;;s:4:&quot;size&quot;;i:20;s:5:&quot;sizes&quot;;a:0:{}}s:13:&quot;columns_extra&quot;;a:3:{s:4:&quot;unit&quot;;s:2:&quot;px&quot;;s:4:&quot;size&quot;;i:2;s:5:&quot;sizes&quot;;a:0:{}}s:20:&quot;columns_tablet_extra&quot;;a:3:{s:4:&quot;unit&quot;;s:2:&quot;px&quot;;s:4:&quot;size&quot;;s:0:&quot;&quot;;s:5:&quot;sizes&quot;;a:0:{}}s:20:&quot;columns_mobile_extra&quot;;a:3:{s:4:&quot;unit&quot;;s:2:&quot;px&quot;;s:4:&quot;size&quot;;s:0:&quot;&quot;;s:5:&quot;sizes&quot;;a:0:{}}s:12:&quot;offset_extra&quot;;a:3:{s:4:&quot;unit&quot;;s:2:&quot;px&quot;;s:4:&quot;size&quot;;i:0;s:5:&quot;sizes&quot;;a:0:{}}s:17:&quot;image_width_extra&quot;;a:3:{s:4:&quot;unit&quot;;s:2:&quot;px&quot;;s:4:&quot;size&quot;;i:40;s:5:&quot;sizes&quot;;a:0:{}}s:18:&quot;slides_space_extra&quot;;a:3:{s:4:&quot;unit&quot;;s:2:&quot;px&quot;;s:4:&quot;size&quot;;i:0;s:5:&quot;sizes&quot;;a:0:{}}s:24:&quot;gradient_direction_extra&quot;;a:3:{s:4:&quot;unit&quot;;s:2:&quot;px&quot;;s:4:&quot;size&quot;;i:0;s:5:&quot;sizes&quot;;a:0:{}}s:17:&quot;typed_speed_extra&quot;;a:3:{s:4:&quot;unit&quot;;s:2:&quot;px&quot;;s:4:&quot;size&quot;;i:6;s:5:&quot;sizes&quot;;a:0:{}}s:17:&quot;typed_delay_extra&quot;;a:3:{s:4:&quot;unit&quot;;s:2:&quot;px&quot;;s:4:&quot;size&quot;;i:1;s:5:&quot;sizes&quot;;a:0:{}}s:10:&quot;link_extra&quot;;a:4:{s:3:&quot;url&quot;;s:0:&quot;&quot;;s:11:&quot;is_external&quot;;s:0:&quot;&quot;;s:8:&quot;nofollow&quot;;s:0:&quot;&quot;;s:17:&quot;custom_attributes&quot;;s:0:&quot;&quot;;}s:16:&quot;link_image_extra&quot;;a:3:{s:3:&quot;url&quot;;s:0:&quot;&quot;;s:2:&quot;id&quot;;s:0:&quot;&quot;;s:4:&quot;size&quot;;s:0:&quot;&quot;;}s:6:&quot;scheme&quot;;s:0:&quot;&quot;;s:11:&quot;color_style&quot;;s:7:&quot;default&quot;;s:5:&quot;hover&quot;;s:7:&quot;inherit&quot;;s:15:&quot;posts_container&quot;;s:74:&quot;posts_container excerpt_wrap excerpt_2 columns_wrap columns_padding_bottom&quot;;s:11:&quot;item_number&quot;;i:20;s:2:&quot;sc&quot;;s:10:&quot;sc_blogger&quot;;}\" role=\"navigation\">\n\t\t\t<div class=\"nav-links\"><span class=\"page-numbers current\">1<\/span><a href=\"#\" class=\"page-numbers\" data-page=\"2\">2<\/a><a href=\"#\" class=\"page-numbers\" data-page=\"3\">3<\/a><a href=\"#\" class=\"page-numbers\" data-page=\"4\">4<\/a><a href=\"#\" class=\"page-numbers next\" data-page=\"2\" title=\"Next page\">Next<\/a><a href=\"#\" class=\"page-numbers last\" data-page=\"4\" title=\"Last page\">Last<\/a><\/div><\/nav><\/div>\t\t\t\t<\/div>\n\t\t\t\t<\/div>\n\t\t\t\t\t<\/div>\n\t\t<\/div>\n\t\t\t\t\t<\/div>\n\t\t<\/section>\n\t\t\t\t<\/div>\n\t\t","protected":false},"excerpt":{"rendered":"<p>view Aktuelles Frauen Uncategorized Die kurdische Aktivistin, Kajal Nasri, zu 5 Jahren Gef\u00e4ngnis verurteilt 0Views 0Comments 0Reactions ShareFacebookTwitter-1Pinterest Das sogenannte Revolutionsgericht der Stadt Sanandaj hat die kurdische Kulturaktivistin&hellip;<\/p>\n","protected":false},"author":1,"featured_media":8453,"parent":0,"menu_order":0,"comment_status":"closed","ping_status":"closed","template":"","meta":{"give_campaign_id":0,"footnotes":""},"class_list":["post-7688","page","type-page","status-publish","has-post-thumbnail","hentry"],"campaignId":"","builder_content":"","_links":{"self":[{"href":"https:\/\/rechtaufleben.org\/ral\/wp-json\/wp\/v2\/pages\/7688","targetHints":{"allow":["GET"]}}],"collection":[{"href":"https:\/\/rechtaufleben.org\/ral\/wp-json\/wp\/v2\/pages"}],"about":[{"href":"https:\/\/rechtaufleben.org\/ral\/wp-json\/wp\/v2\/types\/page"}],"author":[{"embeddable":true,"href":"https:\/\/rechtaufleben.org\/ral\/wp-json\/wp\/v2\/users\/1"}],"replies":[{"embeddable":true,"href":"https:\/\/rechtaufleben.org\/ral\/wp-json\/wp\/v2\/comments?post=7688"}],"version-history":[{"count":10,"href":"https:\/\/rechtaufleben.org\/ral\/wp-json\/wp\/v2\/pages\/7688\/revisions"}],"predecessor-version":[{"id":7943,"href":"https:\/\/rechtaufleben.org\/ral\/wp-json\/wp\/v2\/pages\/7688\/revisions\/7943"}],"wp:featuredmedia":[{"embeddable":true,"href":"https:\/\/rechtaufleben.org\/ral\/wp-json\/wp\/v2\/media\/8453"}],"wp:attachment":[{"href":"https:\/\/rechtaufleben.org\/ral\/wp-json\/wp\/v2\/media?parent=7688"}],"curies":[{"name":"wp","href":"https:\/\/api.w.org\/{rel}","templated":true}]}}